{"id":16401,"date":"2023-10-12T11:50:33","date_gmt":"2023-10-12T16:50:33","guid":{"rendered":"https:\/\/www.competencia.com.ec\/corporativo\/?page_id=16401"},"modified":"2025-12-08T11:03:37","modified_gmt":"2025-12-08T16:03:37","slug":"politica-de-proteccion-de-datos","status":"publish","type":"page","link":"https:\/\/www.competencia.com.ec\/corporativo\/politica-de-proteccion-de-datos\/","title":{"rendered":"\u00a0Pol\u00edtica de protecci\u00f3n de datos"},"content":{"rendered":"\t\t<div data-elementor-type=\"wp-page\" data-elementor-id=\"16401\" class=\"elementor elementor-16401\" data-elementor-settings=\"[]\">\n\t\t\t\t\t\t\t<div class=\"elementor-section-wrap\">\n\t\t\t\t\t\t\t<section class=\"has_ae_slider elementor-section elementor-top-section elementor-element elementor-element-ca7ec3b elementor-section-boxed elementor-section-height-default elementor-section-height-default wpr-particle-no wpr-jarallax-no wpr-parallax-no wpr-sticky-section-no ae-bg-gallery-type-default\" data-id=\"ca7ec3b\" data-element_type=\"section\">\n\t\t\t\t\t\t<div class=\"elementor-container elementor-column-gap-default\">\n\t\t\t\t\t<div class=\"has_ae_slider elementor-column elementor-col-100 elementor-top-column elementor-element elementor-element-8da445c ae-bg-gallery-type-default\" data-id=\"8da445c\" data-element_type=\"column\">\n\t\t\t<div class=\"elementor-widget-wrap elementor-element-populated\">\n\t\t\t\t\t\t\t\t<div class=\"elementor-element elementor-element-5b551d1 elementor-widget elementor-widget-heading\" data-id=\"5b551d1\" data-element_type=\"widget\" data-widget_type=\"heading.default\">\n\t\t\t\t<div class=\"elementor-widget-container\">\n\t\t\t<style>\/*! elementor - v3.5.6 - 28-02-2022 *\/\n.elementor-heading-title{padding:0;margin:0;line-height:1}.elementor-widget-heading .elementor-heading-title[class*=elementor-size-]>a{color:inherit;font-size:inherit;line-height:inherit}.elementor-widget-heading .elementor-heading-title.elementor-size-small{font-size:15px}.elementor-widget-heading .elementor-heading-title.elementor-size-medium{font-size:19px}.elementor-widget-heading .elementor-heading-title.elementor-size-large{font-size:29px}.elementor-widget-heading .elementor-heading-title.elementor-size-xl{font-size:39px}.elementor-widget-heading .elementor-heading-title.elementor-size-xxl{font-size:59px}<\/style><h1 class=\"elementor-heading-title elementor-size-default\">\u00a0Pol\u00edtica de protecci\u00f3n de datos<\/h1>\t\t<\/div>\n\t\t\t\t<\/div>\n\t\t\t\t<div class=\"elementor-element elementor-element-f47cf1f elementor-hidden-desktop elementor-hidden-tablet elementor-hidden-mobile elementor-widget elementor-widget-text-editor\" data-id=\"f47cf1f\" data-element_type=\"widget\" data-widget_type=\"text-editor.default\">\n\t\t\t\t<div class=\"elementor-widget-container\">\n\t\t\t<style>\/*! elementor - v3.5.6 - 28-02-2022 *\/\n.elementor-widget-text-editor.elementor-drop-cap-view-stacked .elementor-drop-cap{background-color:#818a91;color:#fff}.elementor-widget-text-editor.elementor-drop-cap-view-framed .elementor-drop-cap{color:#818a91;border:3px solid;background-color:transparent}.elementor-widget-text-editor:not(.elementor-drop-cap-view-default) .elementor-drop-cap{margin-top:8px}.elementor-widget-text-editor:not(.elementor-drop-cap-view-default) .elementor-drop-cap-letter{width:1em;height:1em}.elementor-widget-text-editor .elementor-drop-cap{float:left;text-align:center;line-height:1;font-size:50px}.elementor-widget-text-editor .elementor-drop-cap-letter{display:inline-block}<\/style>\t\t\t\t<p><span style=\"color: var( --e-global-color-text ); font-family: var( --e-global-typography-text-font-family ), Sans-serif; font-size: var( --e-global-typography-text-font-size ); font-weight: var( --e-global-typography-text-font-weight );\">Al llenar el formulario y aceptar estos t\u00e9rminos y condiciones, est\u00e1s aceptando que la informaci\u00f3n que proporcionas ser\u00e1 utilizada \u00fanicamente para gestionar nuestra comunicaci\u00f3n y brindarte un mejor servicio. Nos comprometemos a utilizar tus datos de forma responsable y respetar tu privacidad.<\/span><\/p><p>\u00a0<\/p><p><strong>Uso de la informaci\u00f3n:<\/strong><\/p><p>1.1. La informaci\u00f3n que nos proporciones ser\u00e1 utilizada para responder a tus consultas, brindarte informaci\u00f3n sobre nuestros productos o servicios, procesar tus pedidos y mantener una comunicaci\u00f3n efectiva contigo.<\/p><p>1.2. Nos comprometemos a no compartir, vender ni transferir tus datos personales a terceros, a menos que contemos con tu consentimiento expreso o estemos legalmente obligados a hacerlo.<\/p><p>1.3. Tu informaci\u00f3n personal ser\u00e1 tratada de acuerdo con nuestra Pol\u00edtica de Privacidad, la cual puedes consultar en nuestra p\u00e1gina web.<\/p><p>\u00a0<\/p><p><strong>Seguridad de los datos:<\/strong><\/p><p>2.1. Tomamos todas las medidas razonables para proteger la seguridad y confidencialidad de tu informaci\u00f3n personal. Utilizamos tecnolog\u00eda y pr\u00e1cticas de seguridad adecuadas para proteger tus datos contra accesos no autorizados, p\u00e9rdidas o alteraciones.<\/p><p>2.2. Sin embargo, debes tener en cuenta que ninguna transmisi\u00f3n de datos a trav\u00e9s de Internet o cualquier red de comunicaci\u00f3n puede garantizar ser 100% segura. Por lo tanto, no podemos garantizar la seguridad absoluta de la informaci\u00f3n que compartas con nosotros.<\/p><p>\u00a0<\/p><p><strong>Consentimiento para recibir publicidad:<\/strong><\/p><p>3.1. Al aceptar estos t\u00e9rminos y condiciones, tambi\u00e9n est\u00e1s otorgando tu consentimiento para recibir mensajes de publicidad y promociones a trav\u00e9s de tu n\u00famero de WhatsApp.<\/p><p>3.2. Los mensajes de publicidad que recibir\u00e1s pueden incluir informaci\u00f3n sobre nuevos productos, ofertas especiales, descuentos u otras comunicaciones relacionadas con nuestra empresa.<\/p><p>3.3. En cualquier momento, podr\u00e1s optar por no recibir m\u00e1s mensajes de publicidad a trav\u00e9s de WhatsApp siguiendo las instrucciones de cancelaci\u00f3n de suscripci\u00f3n que se incluir\u00e1n en cada mensaje.<\/p><p>\u00a0<\/p><p><strong><em>Recuerda que al aceptar estos t\u00e9rminos y condiciones, est\u00e1s otorgando tu consentimiento para el uso de tu informaci\u00f3n personal de acuerdo con lo establecido anteriormente. Te recomendamos leer detenidamente nuestra Pol\u00edtica de Privacidad y Contacto antes de proporcionarnos tus datos personales.<\/em><\/strong><\/p><p>\u00a0<\/p><p><strong><em>Si tienes alguna pregunta o inquietud acerca de nuestros t\u00e9rminos y condiciones, te invitamos a ponerse en contacto con nosotros a trav\u00e9s de los medios de comunicaci\u00f3n indicados en nuestra p\u00e1gina web.<\/em><\/strong><\/p>\t\t\t\t\t\t<\/div>\n\t\t\t\t<\/div>\n\t\t\t\t\t<\/div>\n\t\t<\/div>\n\t\t\t\t\t\t\t<\/div>\n\t\t<\/section>\n\t\t\t\t<section class=\"has_ae_slider elementor-section elementor-top-section elementor-element elementor-element-eb09dc0 elementor-section-boxed elementor-section-height-default elementor-section-height-default wpr-particle-no wpr-jarallax-no wpr-parallax-no wpr-sticky-section-no ae-bg-gallery-type-default\" data-id=\"eb09dc0\" data-element_type=\"section\">\n\t\t\t\t\t\t<div class=\"elementor-container elementor-column-gap-default\">\n\t\t\t\t\t<div class=\"has_ae_slider elementor-column elementor-col-100 elementor-top-column elementor-element elementor-element-bcd46c8 ae-bg-gallery-type-default\" data-id=\"bcd46c8\" data-element_type=\"column\">\n\t\t\t<div class=\"elementor-widget-wrap elementor-element-populated\">\n\t\t\t\t\t\t\t\t<div class=\"elementor-element elementor-element-aef48d2 elementor-toc--minimized-on-tablet elementor-widget elementor-widget-table-of-contents\" data-id=\"aef48d2\" data-element_type=\"widget\" data-settings=\"{&quot;exclude_headings_by_selector&quot;:[],&quot;marker_view&quot;:&quot;bullets&quot;,&quot;icon&quot;:{&quot;value&quot;:&quot;&quot;,&quot;library&quot;:&quot;&quot;},&quot;headings_by_tags&quot;:[&quot;h2&quot;,&quot;h3&quot;,&quot;h4&quot;,&quot;h5&quot;,&quot;h6&quot;],&quot;minimize_box&quot;:&quot;yes&quot;,&quot;minimized_on&quot;:&quot;tablet&quot;,&quot;hierarchical_view&quot;:&quot;yes&quot;,&quot;min_height&quot;:{&quot;unit&quot;:&quot;px&quot;,&quot;size&quot;:&quot;&quot;,&quot;sizes&quot;:[]},&quot;min_height_tablet&quot;:{&quot;unit&quot;:&quot;px&quot;,&quot;size&quot;:&quot;&quot;,&quot;sizes&quot;:[]},&quot;min_height_mobile&quot;:{&quot;unit&quot;:&quot;px&quot;,&quot;size&quot;:&quot;&quot;,&quot;sizes&quot;:[]}}\" data-widget_type=\"table-of-contents.default\">\n\t\t\t\t<div class=\"elementor-widget-container\">\n\t\t\t<style>\/*! elementor-pro - v3.3.6 - 10-08-2021 *\/\n.elementor-widget-table-of-contents .elementor-toc__header-title{color:var(--header-color)}.elementor-widget-table-of-contents.elementor-toc--collapsed .elementor-toc__toggle-button--collapse,.elementor-widget-table-of-contents:not(.elementor-toc--collapsed) .elementor-toc__toggle-button--expand{display:none}.elementor-widget-table-of-contents .elementor-widget-container{min-height:var(--box-min-height);border:var(--box-border-width,1px) solid var(--box-border-color,#a4afb7);border-radius:var(--box-border-radius,3px);background-color:var(--box-background-color);-webkit-transition:min-height .4s;-o-transition:min-height .4s;transition:min-height .4s;overflow:hidden}.elementor-toc__header{display:-webkit-box;display:-ms-flexbox;display:flex;-webkit-box-align:center;-ms-flex-align:center;align-items:center;-webkit-box-pack:justify;-ms-flex-pack:justify;justify-content:space-between;padding:var(--box-padding,20px);background-color:var(--header-background-color);border-bottom:var(--separator-width,1px) solid var(--box-border-color,#a4afb7)}.elementor-toc__header-title{font-size:18px;margin:0;color:var(--header-color)}.elementor-toc__toggle-button{cursor:pointer;display:-webkit-inline-box;display:-ms-inline-flexbox;display:inline-flex}.elementor-toc__toggle-button i{color:var(--toggle-button-color)}.elementor-toc__toggle-button svg{height:1em;width:1em}.elementor-toc__spinner-container{text-align:center}.elementor-toc__spinner{font-size:2em}.elementor-toc__body{padding:var(--box-padding,20px);max-height:var(--toc-body-max-height);overflow-y:auto}.elementor-toc__body::-webkit-scrollbar{width:7px}.elementor-toc__body::-webkit-scrollbar-thumb{background-color:#c2cbd2;border-radius:10px}.elementor-toc__list-wrapper{list-style:none;padding:0}.elementor-toc__list-item{margin-bottom:.5em}.elementor-toc__list-item.elementor-item-active{font-weight:700}.elementor-toc__list-item .elementor-toc__list-wrapper{margin-top:.5em;margin-left:var(--nested-list-indent,1em)}.elementor-toc__list-item-text:hover{color:var(--item-text-hover-color);-webkit-text-decoration:var(--item-text-hover-decoration);text-decoration:var(--item-text-hover-decoration)}.elementor-toc__list-item-text.elementor-item-active{color:var(--item-text-active-color);-webkit-text-decoration:var(--item-text-active-decoration);text-decoration:var(--item-text-active-decoration)}.elementor-toc__list-item-text-wrapper{display:-webkit-box;display:-ms-flexbox;display:flex;-webkit-box-align:center;-ms-flex-align:center;align-items:center}.elementor-toc__list-item-text-wrapper:before,.elementor-toc__list-item-text-wrapper i{margin-right:8px;color:var(--marker-color)}.elementor-toc__list-item-text-wrapper i{font-size:var(--marker-size,.5em)}.elementor-toc__list-item-text-wrapper:before{font-size:var(--marker-size,1em)}.elementor-toc--content-ellipsis .elementor-toc__list-item-text{white-space:nowrap;overflow:hidden;-o-text-overflow:ellipsis;text-overflow:ellipsis}.elementor-toc__list-items--collapsible>.elementor-toc__list-wrapper>.elementor-toc__list-item>.elementor-toc__list-wrapper{display:none}.elementor-toc__heading-anchor{position:absolute}.elementor-toc__body .elementor-toc__list-item-text{color:var(--item-text-color);-webkit-text-decoration:var(--item-text-decoration);text-decoration:var(--item-text-decoration)}.elementor-toc__body .elementor-toc__list-item-text:hover{color:var(--item-text-hover-color);-webkit-text-decoration:var(--item-text-hover-decoration);text-decoration:var(--item-text-hover-decoration)}.elementor-toc__body .elementor-toc__list-item-text.elementor-item-active{color:var(--item-text-active-color);-webkit-text-decoration:var(--item-text-active-decoration);text-decoration:var(--item-text-active-decoration)}ol.elementor-toc__list-wrapper{counter-reset:item}ol.elementor-toc__list-wrapper .elementor-toc__list-item{counter-increment:item}ol.elementor-toc__list-wrapper .elementor-toc__list-item-text-wrapper:before{content:counters(item,\".\") \". \"}@media only screen and (max-width:1024px){.elementor-toc--minimized-on-tablet .elementor-toc__body{display:none}}@media only screen and (max-width:767px){.elementor-toc--minimized-on-mobile .elementor-toc__body{display:none}}<\/style>\t\t<div class=\"elementor-toc__header\">\n\t\t\t<h4 class=\"elementor-toc__header-title\">Indice<\/h4>\t\t\t\t\t\t\t<div class=\"elementor-toc__toggle-button elementor-toc__toggle-button--expand\"><i class=\"fas fa-chevron-down\"><\/i><\/div>\n\t\t\t\t<div class=\"elementor-toc__toggle-button elementor-toc__toggle-button--collapse\"><i class=\"fas fa-chevron-up\"><\/i><\/div>\n\t\t\t\t\t<\/div>\n\t\t<div class=\"elementor-toc__body\">\n\t\t\t<div class=\"elementor-toc__spinner-container\">\n\t\t\t\t<i class=\"elementor-toc__spinner eicon-loading eicon-animation-spin\" aria-hidden=\"true\"><\/i>\n\t\t\t<\/div>\n\t\t<\/div>\n\t\t\t\t<\/div>\n\t\t\t\t<\/div>\n\t\t\t\t\t<\/div>\n\t\t<\/div>\n\t\t\t\t\t\t\t<\/div>\n\t\t<\/section>\n\t\t\t\t<section class=\"has_ae_slider elementor-section elementor-top-section elementor-element elementor-element-9eeba5e elementor-section-boxed elementor-section-height-default elementor-section-height-default wpr-particle-no wpr-jarallax-no wpr-parallax-no wpr-sticky-section-no ae-bg-gallery-type-default\" data-id=\"9eeba5e\" data-element_type=\"section\">\n\t\t\t\t\t\t<div class=\"elementor-container elementor-column-gap-default\">\n\t\t\t\t\t<div class=\"has_ae_slider elementor-column elementor-col-100 elementor-top-column elementor-element elementor-element-793de9f ae-bg-gallery-type-default\" data-id=\"793de9f\" data-element_type=\"column\">\n\t\t\t<div class=\"elementor-widget-wrap elementor-element-populated\">\n\t\t\t\t\t\t\t\t<div class=\"elementor-element elementor-element-13c6203 elementor-widget elementor-widget-heading\" data-id=\"13c6203\" data-element_type=\"widget\" data-widget_type=\"heading.default\">\n\t\t\t\t<div class=\"elementor-widget-container\">\n\t\t\t<h2 class=\"elementor-heading-title elementor-size-default\">1. Introducci\u00f3n:<\/h2>\t\t<\/div>\n\t\t\t\t<\/div>\n\t\t\t\t<div class=\"elementor-element elementor-element-0f42c13 elementor-widget elementor-widget-text-editor\" data-id=\"0f42c13\" data-element_type=\"widget\" data-widget_type=\"text-editor.default\">\n\t\t\t\t<div class=\"elementor-widget-container\">\n\t\t\t\t\t\t\t<p><strong>LA COMPETENCIA S.A.<\/strong> o <strong>\u201cLa Competencia\u201d<\/strong>, a quien para efectos del presente instrumento se lo denominar\u00e1 simplemente como <strong>\u201cLa Empresa\u201d<\/strong>, respeta la privacidad de sus trabajadores, clientes, contratistas, proveedores, visitantes, y dem\u00e1s titulares que mantengan una relaci\u00f3n con la Empresa; y, se compromete a proteger los datos personales obtenidos en el marco de la prestaci\u00f3n de servicios relativos a la compra y venta, representaci\u00f3n, distribuci\u00f3n, importaci\u00f3n, exportaci\u00f3n, arriendo y comercializaci\u00f3n en todas sus fases, de equipos maquinaria y bienes el\u00e9ctricos, electr\u00f3nicos, industriales, semindustriales, mec\u00e1nicos, electromec\u00e1nicos, materiales y \u00fatiles de oficina, equipos, materiales e insumos de comunicaci\u00f3n y oficina as\u00ed como en la instalaci\u00f3n, reparaci\u00f3n, servicio y mantenimiento de todos los bienes se\u00f1alados previamente, incluyendo la venta y administraci\u00f3n de programas de software e infraestructura tecnol\u00f3gica.<strong> La presente Pol\u00edtica de Protecci\u00f3n de Datos Personales<\/strong> establece las pr\u00e1cticas y procedimientos para garantizar el cumplimiento de la normativa ecuatoriana en materia de protecci\u00f3n de datos personales. <strong>Esta Pol\u00edtica se aplica a todos los Datos Personales obtenidos, tratados y transferidos por LA COMPETENCIA S.A., de manera digital o f\u00edsica.<\/strong><\/p>\t\t\t\t\t\t<\/div>\n\t\t\t\t<\/div>\n\t\t\t\t\t<\/div>\n\t\t<\/div>\n\t\t\t\t\t\t\t<\/div>\n\t\t<\/section>\n\t\t\t\t<section class=\"has_ae_slider elementor-section elementor-top-section elementor-element elementor-element-a9ff87a elementor-section-boxed elementor-section-height-default elementor-section-height-default wpr-particle-no wpr-jarallax-no wpr-parallax-no wpr-sticky-section-no ae-bg-gallery-type-default\" data-id=\"a9ff87a\" data-element_type=\"section\">\n\t\t\t\t\t\t<div class=\"elementor-container elementor-column-gap-default\">\n\t\t\t\t\t<div class=\"has_ae_slider elementor-column elementor-col-100 elementor-top-column elementor-element elementor-element-5a7e99c ae-bg-gallery-type-default\" data-id=\"5a7e99c\" data-element_type=\"column\">\n\t\t\t<div class=\"elementor-widget-wrap elementor-element-populated\">\n\t\t\t\t\t\t\t\t<div class=\"elementor-element elementor-element-4bae5b7 elementor-widget elementor-widget-heading\" data-id=\"4bae5b7\" data-element_type=\"widget\" data-widget_type=\"heading.default\">\n\t\t\t\t<div class=\"elementor-widget-container\">\n\t\t\t<h2 class=\"elementor-heading-title elementor-size-default\">2. Alcance:<\/h2>\t\t<\/div>\n\t\t\t\t<\/div>\n\t\t\t\t<div class=\"elementor-element elementor-element-ea9ec5f elementor-widget elementor-widget-text-editor\" data-id=\"ea9ec5f\" data-element_type=\"widget\" data-widget_type=\"text-editor.default\">\n\t\t\t\t<div class=\"elementor-widget-container\">\n\t\t\t\t\t\t\t<p>En cumplimiento del art\u00edculo 47, numeral 4 de la Ley Org\u00e1nica de Protecci\u00f3n de Datos Personales (en adelante \u201cLOPDP\u201d), referente a la obligaci\u00f3n de implementar pol\u00edticas de protecci\u00f3n de datos personales, la Empresa emite esta Pol\u00edtica aplicable a la organizaci\u00f3n y a todas las Bases de Datos y\/o Documentaci\u00f3n, sea est\u00e1 f\u00edsica o digital, que contengan Datos Personales y que sean objeto de tratamiento por parte de la Empresa para determinar el modo de obtenci\u00f3n, tratamiento, finalidades y posibles transferencias en relaci\u00f3n a los datos personales de, trabajadores, proveedores, clientes y dem\u00e1s con quien la Empresa tenga una relaci\u00f3n.<\/p>\t\t\t\t\t\t<\/div>\n\t\t\t\t<\/div>\n\t\t\t\t\t<\/div>\n\t\t<\/div>\n\t\t\t\t\t\t\t<\/div>\n\t\t<\/section>\n\t\t\t\t<section class=\"has_ae_slider elementor-section elementor-top-section elementor-element elementor-element-db1b7c3 elementor-section-boxed elementor-section-height-default elementor-section-height-default wpr-particle-no wpr-jarallax-no wpr-parallax-no wpr-sticky-section-no ae-bg-gallery-type-default\" data-id=\"db1b7c3\" data-element_type=\"section\">\n\t\t\t\t\t\t<div class=\"elementor-container elementor-column-gap-default\">\n\t\t\t\t\t<div class=\"has_ae_slider elementor-column elementor-col-100 elementor-top-column elementor-element elementor-element-c18a756 ae-bg-gallery-type-default\" data-id=\"c18a756\" data-element_type=\"column\">\n\t\t\t<div class=\"elementor-widget-wrap elementor-element-populated\">\n\t\t\t\t\t\t\t\t<div class=\"elementor-element elementor-element-fb6307c elementor-widget elementor-widget-heading\" data-id=\"fb6307c\" data-element_type=\"widget\" data-widget_type=\"heading.default\">\n\t\t\t\t<div class=\"elementor-widget-container\">\n\t\t\t<h2 class=\"elementor-heading-title elementor-size-default\">3. Definiciones:<\/h2>\t\t<\/div>\n\t\t\t\t<\/div>\n\t\t\t\t<div class=\"elementor-element elementor-element-146b5a5 elementor-widget elementor-widget-text-editor\" data-id=\"146b5a5\" data-element_type=\"widget\" data-widget_type=\"text-editor.default\">\n\t\t\t\t<div class=\"elementor-widget-container\">\n\t\t\t\t\t\t\t<p><strong>Para entender la presente pol\u00edtica se deber\u00e1n tomar en cuenta las siguientes definiciones:<\/strong><\/p><p><strong>i. Titular:<\/strong> la persona natural cuyos datos personales son objeto de tratamiento.<\/p><p><strong>ii. Datos personales:<\/strong> cualquier informaci\u00f3n que haga a una persona natural identificada o identificable. Esto puede incluir informaci\u00f3n como nombre, direcci\u00f3n, n\u00famero de tel\u00e9fono, direcci\u00f3n de correo electr\u00f3nico, n\u00famero de tarjeta de cr\u00e9dito, entre otros. Se debe entender como dato personal tambi\u00e9n a los datos biom\u00e9tricos -que pueden ser captados por video, huellas, etc.-, gen\u00e9ticos, crediticios, de salud, entre otros.<\/p><p><strong>iii. Datos sensibles:<\/strong> son aquellos datos personales que afectan la intimidad del titular o cuyo uso indebido puede generar discriminaci\u00f3n, tales como la orientaci\u00f3n sexual, afiliaci\u00f3n pol\u00edtica, religi\u00f3n, entre otros.<\/p><p><strong>iv. Base de datos:<\/strong> se entiende como el conjunto organizado de datos cualquiera sea su forma, soporte, procesamiento, almacenamiento o forma de creaci\u00f3n.<\/p><p><strong>v. Consentimiento:<\/strong> la manifestaci\u00f3n de voluntad inequ\u00edvoca, libre, informada y especifica del titular de los datos, por medio del cual se autoriza al responsable el tratamiento de sus datos personales.<\/p><p><strong>vi. Recolecci\u00f3n:<\/strong> el proceso mediante el cual se obtienen los datos personales de una persona.<\/p><p><strong>vii. Transferencia o comunicaci\u00f3n:<\/strong> el proceso mediante el cual se comparten los datos personales con una tercera parte, distintos del titular, responsable o encargado.<\/p><p><strong>viii. Tratamiento de datos:<\/strong> toda operaci\u00f3n o conjunto de operaciones realizadas sobre los datos personales, como la recolecci\u00f3n, almacenamiento, uso, divulgaci\u00f3n, transferencia y eliminaci\u00f3n.<\/p><p><strong>ix. Derecho ARCO:<\/strong> conjunto de derechos que tiene el titular, tales como Acceso, Rectificaci\u00f3n, Cancelaci\u00f3n y Oposici\u00f3n al tratamiento de sus datos personales.<\/p><p><strong>x. Portabilidad de datos:<\/strong> es el derecho que tiene el titular a recibir sus datos personales en un formato estructurado, de uso y lectura com\u00fan.<\/p><p><strong>xi. Responsable del tratamiento:<\/strong> la persona natural o jur\u00eddica que decida sobre los fines y medios del tratamiento de datos personales.<\/p><p><strong>xii. Encargado del tratamiento:<\/strong> la persona natural o jur\u00eddica, que realice el tratamiento de datos personales en nombre del responsable del tratamiento.<\/p><p><strong>xiii. Delegado de Protecci\u00f3n de Datos Personales:<\/strong> es la persona encargada de informar al responsable y encargados del tratamiento de sus obligaciones y de velar por el cumplimiento de la normativa relacionada con la protecci\u00f3n de datos personales, y de cooperar con la Autoridad de Protecci\u00f3n de Datos Personales.<\/p><p><strong>xiv. Anonimizaci\u00f3n<\/strong>: es el proceso mediante el cual se hace imposible identificar al titular de los datos personales, mediante la eliminaci\u00f3n o alteraci\u00f3n de informaci\u00f3n personal que permita su identificaci\u00f3n.<\/p><p><strong>xv. Pseudonimizaci\u00f3n:<\/strong> es el proceso mediante el cual se sustituye la informaci\u00f3n personal del titular por un identificador o alias, con el objetivo de proteger la privacidad del titular.<\/p><p><strong>xvi. Seguridad de los datos personales:<\/strong> las medidas adoptadas para proteger los datos personales contra p\u00e9rdida, robo, uso indebido, acceso no autorizado, modificaci\u00f3n o destrucci\u00f3n.<\/p><p><strong>xvii. Incidente que afecte la seguridad de los datos personales o filtraci\u00f3n de datos personales:<\/strong> un incidente de seguridad contra los datos personales es cualquier evento o situaci\u00f3n que comprometa la integridad, disponibilidad, confidencialidad o los derechos del titular de los datos personales.<\/p>\t\t\t\t\t\t<\/div>\n\t\t\t\t<\/div>\n\t\t\t\t\t<\/div>\n\t\t<\/div>\n\t\t\t\t\t\t\t<\/div>\n\t\t<\/section>\n\t\t\t\t<section class=\"has_ae_slider elementor-section elementor-top-section elementor-element elementor-element-d037323 elementor-section-boxed elementor-section-height-default elementor-section-height-default wpr-particle-no wpr-jarallax-no wpr-parallax-no wpr-sticky-section-no ae-bg-gallery-type-default\" data-id=\"d037323\" data-element_type=\"section\">\n\t\t\t\t\t\t<div class=\"elementor-container elementor-column-gap-default\">\n\t\t\t\t\t<div class=\"has_ae_slider elementor-column elementor-col-100 elementor-top-column elementor-element elementor-element-1d03029 ae-bg-gallery-type-default\" data-id=\"1d03029\" data-element_type=\"column\">\n\t\t\t<div class=\"elementor-widget-wrap elementor-element-populated\">\n\t\t\t\t\t\t\t\t<div class=\"elementor-element elementor-element-9e1790a elementor-widget elementor-widget-heading\" data-id=\"9e1790a\" data-element_type=\"widget\" data-widget_type=\"heading.default\">\n\t\t\t\t<div class=\"elementor-widget-container\">\n\t\t\t<h2 class=\"elementor-heading-title elementor-size-default\">4. Principios del tratamiento:<\/h2>\t\t<\/div>\n\t\t\t\t<\/div>\n\t\t\t\t<div class=\"elementor-element elementor-element-571349a elementor-widget elementor-widget-text-editor\" data-id=\"571349a\" data-element_type=\"widget\" data-widget_type=\"text-editor.default\">\n\t\t\t\t<div class=\"elementor-widget-container\">\n\t\t\t\t\t\t\t<p>La presente pol\u00edtica se basa en los principios b\u00e1sicos de la protecci\u00f3n de datos personales en el Ecuador conforme lo establece la Constituci\u00f3n de la Rep\u00fablica, la Ley Org\u00e1nica de Protecci\u00f3n de Datos Personales y dem\u00e1s normas conexas. La Empresa se obliga a aplicar los siguientes principios:<\/p><p><strong>i. Juridicidad:<\/strong> los datos personales ser\u00e1n tratados con estricto apego y cumplimiento a los principios, derechos y obligaciones establecidas en la Constituci\u00f3n, los instrumentos internacionales, la LOPDP, su Reglamento cuando se emita, la presente Pol\u00edtica y la dem\u00e1s normativa y jurisprudencia aplicable.<\/p><p><strong>ii. Lealtad:<\/strong> el tratamiento de datos personales se realizar\u00e1 de modo leal y nunca podr\u00e1n ser tratados a trav\u00e9s de medios o para fines, il\u00edcitos o desleales.<\/p><p><strong>iii. Transparencia:<\/strong> el tratamiento de los datos personales ser\u00e1 de modo transparente por lo que toda informaci\u00f3n o comunicaci\u00f3n relativa a este tratamiento ser\u00e1 accesible y f\u00e1cil de entender y utilizar\u00e1 un lenguaje sencillo y claro.<\/p><p><strong>iv. Finalidad:<\/strong> las finalidades del tratamiento ser\u00e1n determinadas, expl\u00edcitas, leg\u00edtimas y comunicadas al titular.<\/p><p><strong>v. Pertinencia y minimizaci\u00f3n de datos personales:<\/strong> los datos personales deber\u00e1n ser pertinentes y estar limitados a lo estrictamente necesario para el cumplimiento de la finalidad del tratamiento.<\/p><p><strong>vi. Proporcionalidad del tratamiento:<\/strong> el tratamiento debe ser adecuado, necesario, oportuno, relevante y no excesivo con relaci\u00f3n a las finalidades.<\/p><p><strong>vii. Confidencialidad:<\/strong> el tratamiento de datos personales se realizar\u00e1 de modo confidencial.<\/p><p><strong>viii. Calidad y exactitud:<\/strong> los datos personales que son objeto de tratamiento por parte de la Empresa ser\u00e1n exactos, \u00edntegros, precisos, completos, comprobables, claros; y, de ser el caso, debidamente actualizados; de tal forma que no se altere su veracidad en la medida que las medidas t\u00e9cnicas y organizativas lo permitan.<\/p><p><strong>ix. Conservaci\u00f3n:<\/strong> los datos personales ser\u00e1n conservados durante un tiempo no mayor al necesario para cumplir con la finalidad de su tratamiento o por mandato legal. La Empresa establecer\u00e1 plazos y procedimientos para la supresi\u00f3n o eliminaci\u00f3n conforme a lo determinado en la LOPDP.<\/p><p><strong>x. Seguridad de datos personales:<\/strong> la Empresa realizar\u00e1 todas las actividades necesarias para implementar las medidas de seguridad adecuadas, sean estas organizativas, t\u00e9cnicas o de cualquier otra \u00edndole, para proteger los datos personales, frente a cualquier riesgo, amenaza, vulnerabilidad, atendiendo a la naturaleza de los datos de car\u00e1cter personal, al \u00e1mbito y el contexto.<\/p><p><strong>xi. Responsabilidad proactiva y demostrada:<\/strong> la Empresa implementar\u00e1 mecanismos para la protecci\u00f3n de datos personales cumpliendo los principios, derechos y obligaciones establecidos en la LOPDP, para lo cual estar\u00e1 a las mejores pr\u00e1cticas de la materia y buscando la eficiencia en sus medidas adoptadas.<\/p>\t\t\t\t\t\t<\/div>\n\t\t\t\t<\/div>\n\t\t\t\t\t<\/div>\n\t\t<\/div>\n\t\t\t\t\t\t\t<\/div>\n\t\t<\/section>\n\t\t\t\t<section class=\"has_ae_slider elementor-section elementor-top-section elementor-element elementor-element-8cccc89 elementor-section-boxed elementor-section-height-default elementor-section-height-default wpr-particle-no wpr-jarallax-no wpr-parallax-no wpr-sticky-section-no ae-bg-gallery-type-default\" data-id=\"8cccc89\" data-element_type=\"section\">\n\t\t\t\t\t\t<div class=\"elementor-container elementor-column-gap-default\">\n\t\t\t\t\t<div class=\"has_ae_slider elementor-column elementor-col-100 elementor-top-column elementor-element elementor-element-4b4d953 ae-bg-gallery-type-default\" data-id=\"4b4d953\" data-element_type=\"column\">\n\t\t\t<div class=\"elementor-widget-wrap elementor-element-populated\">\n\t\t\t\t\t\t\t\t<div class=\"elementor-element elementor-element-bd5a94f elementor-widget elementor-widget-heading\" data-id=\"bd5a94f\" data-element_type=\"widget\" data-widget_type=\"heading.default\">\n\t\t\t\t<div class=\"elementor-widget-container\">\n\t\t\t<h2 class=\"elementor-heading-title elementor-size-default\">5. Encargados:<\/h2>\t\t<\/div>\n\t\t\t\t<\/div>\n\t\t\t\t<div class=\"elementor-element elementor-element-81108ee elementor-widget elementor-widget-text-editor\" data-id=\"81108ee\" data-element_type=\"widget\" data-widget_type=\"text-editor.default\">\n\t\t\t\t<div class=\"elementor-widget-container\">\n\t\t\t\t\t\t\t<p>La Empresa podr\u00e1 encargar el tratamiento de los datos personales a empleados directos, as\u00ed como a proveedores externos \u00fanicamente para los fines para los cuales fueron obtenidos dichos datos y con las limitaciones y estipulaciones que manda la Ley y la normativa vinculante en la materia.<\/p><p>Todos los encargados del tratamiento de datos personales suscribir\u00e1n acuerdos de confidencialidad y manejo adecuado de los datos personales, incluyendo una cl\u00e1usula penal y la posibilidad de repetir en contra de ellos por incumplimiento de sus obligaciones referentes al tratamiento de datos personales. Los Encargados, sean internos o externos, ser\u00e1n directamente responsables por las actividades de tratamiento a t\u00edtulo individual, por lo que deber\u00e1n garantizar un nivel de protecci\u00f3n adecuado al tratamiento de los datos, considerando su naturaleza, volumen y posibles riesgos, amenazas y vulnerabilidades, y las dem\u00e1s consideraciones establecidas en el marco legal. La Empresa tiene la potestad sancionatoria en caso de verificar un incumplimiento y, de ser el caso, informar\u00e1 a las autoridades civiles, administrativas y penales para la investigaci\u00f3n correspondiente. En caso de que el incumplimiento sea de un trabajador de la Empresa se aplicar\u00e1n las sanciones internas, civiles y laborales respectivas.<\/p><p>\u00a0<\/p><p>Una vez terminado el tratamiento de los datos para los que fueron delegados, los encargados tienen la obligaci\u00f3n de eliminar o devolver los datos que tengan en su posesi\u00f3n sin excepci\u00f3n alguna.<\/p><p>Todos los encargados del tratamiento de datos declaran conocer su obligaci\u00f3n de permitir cualquier auditor\u00eda o investigaci\u00f3n de parte del Responsable o de la Autoridad en cualquier momento.<\/p>\t\t\t\t\t\t<\/div>\n\t\t\t\t<\/div>\n\t\t\t\t\t<\/div>\n\t\t<\/div>\n\t\t\t\t\t\t\t<\/div>\n\t\t<\/section>\n\t\t\t\t<section class=\"has_ae_slider elementor-section elementor-top-section elementor-element elementor-element-0cdfda5 elementor-section-boxed elementor-section-height-default elementor-section-height-default wpr-particle-no wpr-jarallax-no wpr-parallax-no wpr-sticky-section-no ae-bg-gallery-type-default\" data-id=\"0cdfda5\" data-element_type=\"section\">\n\t\t\t\t\t\t<div class=\"elementor-container elementor-column-gap-default\">\n\t\t\t\t\t<div class=\"has_ae_slider elementor-column elementor-col-100 elementor-top-column elementor-element elementor-element-83e929b ae-bg-gallery-type-default\" data-id=\"83e929b\" data-element_type=\"column\">\n\t\t\t<div class=\"elementor-widget-wrap elementor-element-populated\">\n\t\t\t\t\t\t\t\t<div class=\"elementor-element elementor-element-e21148d elementor-widget elementor-widget-heading\" data-id=\"e21148d\" data-element_type=\"widget\" data-widget_type=\"heading.default\">\n\t\t\t\t<div class=\"elementor-widget-container\">\n\t\t\t<h2 class=\"elementor-heading-title elementor-size-default\">6. Medidas de seguridad:<\/h2>\t\t<\/div>\n\t\t\t\t<\/div>\n\t\t\t\t<div class=\"elementor-element elementor-element-c806d75 elementor-widget elementor-widget-text-editor\" data-id=\"c806d75\" data-element_type=\"widget\" data-widget_type=\"text-editor.default\">\n\t\t\t\t<div class=\"elementor-widget-container\">\n\t\t\t\t\t\t\t<p>La Empresa en cumplimiento del principio de seguridad de datos personales y de los art\u00edculos 37, 39, 40 y 41 de la Ley Org\u00e1nica de Protecci\u00f3n de Datos Personales, relativos a la seguridad de los datos personales, ha implementado e implementar\u00e1 todas las medidas t\u00e9cnicas, organizativas, jur\u00eddicas e inform\u00e1ticas para proteger los Datos Personales que recolecta y trata seg\u00fan un an\u00e1lisis de riesgos, amenazas y vulnerabilidades, teniendo en cuenta la naturaleza y volumen de los datos personales objeto del tratamiento. Lo mismo se aplicar\u00e1 a los Encargados del tratamiento de datos, en el marco del encargo dado por el Responsable. Se realizar\u00e1n las evaluaciones de impacto sobre el tratamiento e implementar\u00e1n medidas de seguridad desde el dise\u00f1o y por defecto, y se solicitar\u00e1 que los proveedores mantengan un nivel \u00f3ptimo y adecuado de la seguridad de la informaci\u00f3n.<\/p>\t\t\t\t\t\t<\/div>\n\t\t\t\t<\/div>\n\t\t\t\t\t<\/div>\n\t\t<\/div>\n\t\t\t\t\t\t\t<\/div>\n\t\t<\/section>\n\t\t\t\t<section class=\"has_ae_slider elementor-section elementor-top-section elementor-element elementor-element-3f1769a elementor-section-boxed elementor-section-height-default elementor-section-height-default wpr-particle-no wpr-jarallax-no wpr-parallax-no wpr-sticky-section-no ae-bg-gallery-type-default\" data-id=\"3f1769a\" data-element_type=\"section\">\n\t\t\t\t\t\t<div class=\"elementor-container elementor-column-gap-default\">\n\t\t\t\t\t<div class=\"has_ae_slider elementor-column elementor-col-100 elementor-top-column elementor-element elementor-element-b521d24 ae-bg-gallery-type-default\" data-id=\"b521d24\" data-element_type=\"column\">\n\t\t\t<div class=\"elementor-widget-wrap elementor-element-populated\">\n\t\t\t\t\t\t\t\t<div class=\"elementor-element elementor-element-063d391 elementor-widget elementor-widget-heading\" data-id=\"063d391\" data-element_type=\"widget\" data-widget_type=\"heading.default\">\n\t\t\t\t<div class=\"elementor-widget-container\">\n\t\t\t<h2 class=\"elementor-heading-title elementor-size-default\">7. Pol\u00edtica de videovigilancia:<\/h2>\t\t<\/div>\n\t\t\t\t<\/div>\n\t\t\t\t<div class=\"elementor-element elementor-element-3276e90 elementor-widget elementor-widget-text-editor\" data-id=\"3276e90\" data-element_type=\"widget\" data-widget_type=\"text-editor.default\">\n\t\t\t\t<div class=\"elementor-widget-container\">\n\t\t\t\t\t\t\t<p>En adici\u00f3n a la presente pol\u00edtica y de modo complementario, la Empresa en estricto cumplimiento de la<\/p><p>LOPDP y las buenas pr\u00e1cticas en materia de protecci\u00f3n de datos personales, mantiene una pol\u00edtica de videovigilancia para que todos los usuarios y visitantes de las instalaciones tengan conocimiento de c\u00f3mo ser\u00e1n tratados sus datos personales recolectados por el sistema de videovigilancia con la finalidad de seguridad. La pol\u00edtica establece el modo de la gesti\u00f3n del Circuito Cerrado de Televisi\u00f3n (CCTV) en sus instalaciones en relaci\u00f3n con la protecci\u00f3n de datos personales. Para m\u00e1s informaci\u00f3n sobre la pol\u00edtica pueden acceder a ella a trav\u00e9s del siguiente enlace: <a href=\"https:\/\/www.competencia.com.ec\/corporativo\/politica-de-videovigilancia\/\">https:\/\/www.competencia.com.ec\/corporativo\/politica-de-videovigilancia\/<\/a><\/p>\t\t\t\t\t\t<\/div>\n\t\t\t\t<\/div>\n\t\t\t\t\t<\/div>\n\t\t<\/div>\n\t\t\t\t\t\t\t<\/div>\n\t\t<\/section>\n\t\t\t\t<section class=\"has_ae_slider elementor-section elementor-top-section elementor-element elementor-element-746b3ce elementor-section-boxed elementor-section-height-default elementor-section-height-default wpr-particle-no wpr-jarallax-no wpr-parallax-no wpr-sticky-section-no ae-bg-gallery-type-default\" data-id=\"746b3ce\" data-element_type=\"section\">\n\t\t\t\t\t\t<div class=\"elementor-container elementor-column-gap-default\">\n\t\t\t\t\t<div class=\"has_ae_slider elementor-column elementor-col-100 elementor-top-column elementor-element elementor-element-0e57b8a ae-bg-gallery-type-default\" data-id=\"0e57b8a\" data-element_type=\"column\">\n\t\t\t<div class=\"elementor-widget-wrap elementor-element-populated\">\n\t\t\t\t\t\t\t\t<div class=\"elementor-element elementor-element-6c43da2 elementor-widget elementor-widget-heading\" data-id=\"6c43da2\" data-element_type=\"widget\" data-widget_type=\"heading.default\">\n\t\t\t\t<div class=\"elementor-widget-container\">\n\t\t\t<h2 class=\"elementor-heading-title elementor-size-default\">8. Obtenci\u00f3n de datos:<\/h2>\t\t<\/div>\n\t\t\t\t<\/div>\n\t\t\t\t<div class=\"elementor-element elementor-element-df10ad7 elementor-widget elementor-widget-text-editor\" data-id=\"df10ad7\" data-element_type=\"widget\" data-widget_type=\"text-editor.default\">\n\t\t\t\t<div class=\"elementor-widget-container\">\n\t\t\t\t\t\t\t<p>La Empresa dentro de sus procesos se encarga de recolectar datos de clientes, potenciales clientes, prospectos de trabajadores, trabajadores, prospectos de proveedores, proveedores, prestadores de servicios, familiares de trabajadores, visitantes de sus instalaciones, usuarios de sistema inform\u00e1ticos y terceros. Los datos personales se recolectan a trav\u00e9s de distintos medios ya sean digitales o f\u00edsicos siempre en un marco de transparencia y tratamiento leg\u00edtimo y buscando el libre consentimiento del titular en todos los casos que se requiera, con finalidades informadas, espec\u00edficas, comunicadas de modo transparente y cumpliendo lo dispuesto en la LOPDP y normativa vinculante. El tratamiento de datos personales tambi\u00e9n podr\u00e1 derivar de una obligaci\u00f3n legal, contractual o comercial. Los datos que se obtienen y tratan podr\u00e1n ser, sin limitarse a: nombres, fechas de nacimiento, n\u00fameros de tel\u00e9fono, direcciones, correos electr\u00f3nicos, sexo, g\u00e9nero, edad, condiciones m\u00e9dicas, imagen personal, entre otros, en el marco de relaciones de contractuales o comerciales. Cada obtenci\u00f3n y tratamiento de datos personales se realiza con estricto apego a lo dispuesto en la LOPDP y se garantizan los derechos de los titulares.<\/p>\t\t\t\t\t\t<\/div>\n\t\t\t\t<\/div>\n\t\t\t\t\t<\/div>\n\t\t<\/div>\n\t\t\t\t\t\t\t<\/div>\n\t\t<\/section>\n\t\t\t\t<section class=\"has_ae_slider elementor-section elementor-top-section elementor-element elementor-element-184777a elementor-section-boxed elementor-section-height-default elementor-section-height-default wpr-particle-no wpr-jarallax-no wpr-parallax-no wpr-sticky-section-no ae-bg-gallery-type-default\" data-id=\"184777a\" data-element_type=\"section\">\n\t\t\t\t\t\t<div class=\"elementor-container elementor-column-gap-default\">\n\t\t\t\t\t<div class=\"has_ae_slider elementor-column elementor-col-100 elementor-top-column elementor-element elementor-element-f7b401f ae-bg-gallery-type-default\" data-id=\"f7b401f\" data-element_type=\"column\">\n\t\t\t<div class=\"elementor-widget-wrap elementor-element-populated\">\n\t\t\t\t\t\t\t\t<div class=\"elementor-element elementor-element-697d250 elementor-widget elementor-widget-heading\" data-id=\"697d250\" data-element_type=\"widget\" data-widget_type=\"heading.default\">\n\t\t\t\t<div class=\"elementor-widget-container\">\n\t\t\t<h2 class=\"elementor-heading-title elementor-size-default\">9. Finalidades:<\/h2>\t\t<\/div>\n\t\t\t\t<\/div>\n\t\t\t\t<div class=\"elementor-element elementor-element-e8f1cce elementor-widget elementor-widget-text-editor\" data-id=\"e8f1cce\" data-element_type=\"widget\" data-widget_type=\"text-editor.default\">\n\t\t\t\t<div class=\"elementor-widget-container\">\n\t\t\t\t\t\t\t<p>Los fines del tratamiento de datos personales por parte de la Empresa se establecer\u00e1n en cada contrato o documento que soporte la entrega de dichos datos. Estos fines ser\u00e1n debidamente informados a los titulares y se verificar\u00e1 en todos los casos el cumplimiento de la normativa relacionada. Las finalidades del tratamiento de datos ser\u00e1n distintas dependiendo de la relaci\u00f3n entre la Empresa y el Titular, podr\u00e1n, entre\u00a0<span style=\"color: var( --e-global-color-text ); font-family: var( --e-global-typography-text-font-family ), Sans-serif; font-size: var( --e-global-typography-text-font-size ); font-weight: var( --e-global-typography-text-font-weight );\">otros y sin limitarse a, ser los siguientes: proceso de contrataci\u00f3n de personal, calificaci\u00f3n de proveedores, prestaci\u00f3n de servicios comerciales, campa\u00f1as de marketing, cumplimiento de las obligaciones legales. Los titulares nunca ser\u00e1n objeto de una decisi\u00f3n basada \u00fanica o parcialmente en valoraciones automatizadas y la Empresa se compromete a tratar sus datos con estricto cumplimiento de la LOPDP y dem\u00e1s normas vinculantes.<\/span><\/p>\t\t\t\t\t\t<\/div>\n\t\t\t\t<\/div>\n\t\t\t\t\t<\/div>\n\t\t<\/div>\n\t\t\t\t\t\t\t<\/div>\n\t\t<\/section>\n\t\t\t\t<section class=\"has_ae_slider elementor-section elementor-top-section elementor-element elementor-element-641db1a elementor-section-boxed elementor-section-height-default elementor-section-height-default wpr-particle-no wpr-jarallax-no wpr-parallax-no wpr-sticky-section-no ae-bg-gallery-type-default\" data-id=\"641db1a\" data-element_type=\"section\">\n\t\t\t\t\t\t<div class=\"elementor-container elementor-column-gap-default\">\n\t\t\t\t\t<div class=\"has_ae_slider elementor-column elementor-col-100 elementor-top-column elementor-element elementor-element-18fddcb ae-bg-gallery-type-default\" data-id=\"18fddcb\" data-element_type=\"column\">\n\t\t\t<div class=\"elementor-widget-wrap elementor-element-populated\">\n\t\t\t\t\t\t\t\t<div class=\"elementor-element elementor-element-4acc586 elementor-widget elementor-widget-heading\" data-id=\"4acc586\" data-element_type=\"widget\" data-widget_type=\"heading.default\">\n\t\t\t\t<div class=\"elementor-widget-container\">\n\t\t\t<h2 class=\"elementor-heading-title elementor-size-default\">10. Bases legales para el tratamiento de datos<\/h2>\t\t<\/div>\n\t\t\t\t<\/div>\n\t\t\t\t<div class=\"elementor-element elementor-element-ea98bb7 elementor-widget elementor-widget-text-editor\" data-id=\"ea98bb7\" data-element_type=\"widget\" data-widget_type=\"text-editor.default\">\n\t\t\t\t<div class=\"elementor-widget-container\">\n\t\t\t\t\t\t\t<p>El tratamiento de datos personales se basa en las siguientes bases legales:<\/p><p><span style=\"font-weight: bolder;\">i. Consentimiento:<\/span>\u00a0El titular autoriza el tratamiento de los datos personales que proporciona, este suministro implica su consentimiento expl\u00edcito para que la Empresa trate sus datos personales conforme las finalidades aqu\u00ed establecidas.<\/p><p><span style=\"font-weight: bolder;\">ii. Relaciones precontractuales y ejecuci\u00f3n contractual:<\/span> El tratamiento de los datos personales resulta necesario para la atenci\u00f3n de gestiones precontractuales y para la correcta ejecuci\u00f3n de los servicios solicitados a trav\u00e9s de la plataforma, con el fin de cumplir con las obligaciones derivadas del contrato.<\/p><p><span style=\"font-weight: bold;\">iii. Cumplimiento de una obligaci\u00f3n legal:<\/span>\u00a0El tratamiento de datos personales tambi\u00e9n puede ser necesario para dar cumplimiento a obligaciones legales o regulatorias a las que la Empresa est\u00e1 sujeta, en virtud de las leyes y regulaciones vigentes.<\/p><p><span style=\"font-weight: bold;\">iv. Intereses leg\u00edtimas:<\/span>\u00a0El tratamiento se realiza en base a los intereses leg\u00edtimos perseguidos por la Empresa, y la facilitaci\u00f3n de los servicios y productos ofertados por la misma.<\/p>\t\t\t\t\t\t<\/div>\n\t\t\t\t<\/div>\n\t\t\t\t\t<\/div>\n\t\t<\/div>\n\t\t\t\t\t\t\t<\/div>\n\t\t<\/section>\n\t\t\t\t<section class=\"has_ae_slider elementor-section elementor-top-section elementor-element elementor-element-7a1ea57 elementor-section-boxed elementor-section-height-default elementor-section-height-default wpr-particle-no wpr-jarallax-no wpr-parallax-no wpr-sticky-section-no ae-bg-gallery-type-default\" data-id=\"7a1ea57\" data-element_type=\"section\">\n\t\t\t\t\t\t<div class=\"elementor-container elementor-column-gap-default\">\n\t\t\t\t\t<div class=\"has_ae_slider elementor-column elementor-col-100 elementor-top-column elementor-element elementor-element-0b699ec ae-bg-gallery-type-default\" data-id=\"0b699ec\" data-element_type=\"column\">\n\t\t\t<div class=\"elementor-widget-wrap elementor-element-populated\">\n\t\t\t\t\t\t\t\t<div class=\"elementor-element elementor-element-b2a11b8 elementor-widget elementor-widget-heading\" data-id=\"b2a11b8\" data-element_type=\"widget\" data-widget_type=\"heading.default\">\n\t\t\t\t<div class=\"elementor-widget-container\">\n\t\t\t<h2 class=\"elementor-heading-title elementor-size-default\">11. Tratamiento:<\/h2>\t\t<\/div>\n\t\t\t\t<\/div>\n\t\t\t\t<div class=\"elementor-element elementor-element-ac6f3a2 elementor-widget elementor-widget-text-editor\" data-id=\"ac6f3a2\" data-element_type=\"widget\" data-widget_type=\"text-editor.default\">\n\t\t\t\t<div class=\"elementor-widget-container\">\n\t\t\t\t\t\t\t<p>El tratamiento que se le da a los datos personales en el marco de esta pol\u00edtica incluye pero no se limita a su obtenci\u00f3n, compilaci\u00f3n, registro, organizaci\u00f3n, estructuraci\u00f3n, conservaci\u00f3n, custodia, adaptaci\u00f3n, modificaci\u00f3n, eliminaci\u00f3n, indexaci\u00f3n, extracci\u00f3n, consulta, elaboraci\u00f3n, utilizaci\u00f3n, posesi\u00f3n, aprovechamiento, distribuci\u00f3n, cesi\u00f3n, comunicaci\u00f3n o transferencia, o cualquier otra forma de habilitaci\u00f3n de acceso, cotejo, interconexi\u00f3n, limitaci\u00f3n, supresi\u00f3n, destrucci\u00f3n y, en general, cualquier uso de datos personales. Las actividades de tratamiento se har\u00e1n de conformidad a los fines espec\u00edficos para los cuales fueron obtenidos dichos datos personales y nunca podr\u00e1n ser utilizados para otros de manera unilateral.<\/p>\t\t\t\t\t\t<\/div>\n\t\t\t\t<\/div>\n\t\t\t\t\t<\/div>\n\t\t<\/div>\n\t\t\t\t\t\t\t<\/div>\n\t\t<\/section>\n\t\t\t\t<section class=\"has_ae_slider elementor-section elementor-top-section elementor-element elementor-element-1ee4c25 elementor-section-boxed elementor-section-height-default elementor-section-height-default wpr-particle-no wpr-jarallax-no wpr-parallax-no wpr-sticky-section-no ae-bg-gallery-type-default\" data-id=\"1ee4c25\" data-element_type=\"section\">\n\t\t\t\t\t\t<div class=\"elementor-container elementor-column-gap-default\">\n\t\t\t\t\t<div class=\"has_ae_slider elementor-column elementor-col-100 elementor-top-column elementor-element elementor-element-1dd7c7e ae-bg-gallery-type-default\" data-id=\"1dd7c7e\" data-element_type=\"column\">\n\t\t\t<div class=\"elementor-widget-wrap elementor-element-populated\">\n\t\t\t\t\t\t\t\t<div class=\"elementor-element elementor-element-47f3648 elementor-widget elementor-widget-heading\" data-id=\"47f3648\" data-element_type=\"widget\" data-widget_type=\"heading.default\">\n\t\t\t\t<div class=\"elementor-widget-container\">\n\t\t\t<h2 class=\"elementor-heading-title elementor-size-default\">12. Transferencia<\/h2>\t\t<\/div>\n\t\t\t\t<\/div>\n\t\t\t\t<div class=\"elementor-element elementor-element-55c0761 elementor-widget elementor-widget-text-editor\" data-id=\"55c0761\" data-element_type=\"widget\" data-widget_type=\"text-editor.default\">\n\t\t\t\t<div class=\"elementor-widget-container\">\n\t\t\t\t\t\t\t<p>Las transferencias de Datos Personales que realice la Empresa ser\u00e1n \u00fanicamente para cumplir las finalidades espec\u00edficas para las cuales el titular otorg\u00f3 su consentimiento o para el cumplimiento de la obligaci\u00f3n legal o contractual con las consideraciones establecidas en el art\u00edculo 33 de la LOPDP. En caso de requerirlo y contar con el consentimiento del titular, la Empresa transferir\u00e1 a terceros \u00fanicamente la informaci\u00f3n necesaria para el cumplimiento de las finalidades para las cuales se otorg\u00f3 consentimiento, garantizando un nivel de protecci\u00f3n adecuado a los datos personales. Adem\u00e1s, suscribir\u00e1 contratos que incluyan cl\u00e1usulas de confidencialidad y manejo adecuado de datos personales para garantizar un sistema adecuado de protecci\u00f3n de datos.<\/p>\t\t\t\t\t\t<\/div>\n\t\t\t\t<\/div>\n\t\t\t\t\t<\/div>\n\t\t<\/div>\n\t\t\t\t\t\t\t<\/div>\n\t\t<\/section>\n\t\t\t\t<section class=\"has_ae_slider elementor-section elementor-top-section elementor-element elementor-element-ce0147e elementor-section-boxed elementor-section-height-default elementor-section-height-default wpr-particle-no wpr-jarallax-no wpr-parallax-no wpr-sticky-section-no ae-bg-gallery-type-default\" data-id=\"ce0147e\" data-element_type=\"section\">\n\t\t\t\t\t\t<div class=\"elementor-container elementor-column-gap-default\">\n\t\t\t\t\t<div class=\"has_ae_slider elementor-column elementor-col-100 elementor-top-column elementor-element elementor-element-9f094a2 ae-bg-gallery-type-default\" data-id=\"9f094a2\" data-element_type=\"column\">\n\t\t\t<div class=\"elementor-widget-wrap elementor-element-populated\">\n\t\t\t\t\t\t\t\t<div class=\"elementor-element elementor-element-d782c30 elementor-widget elementor-widget-heading\" data-id=\"d782c30\" data-element_type=\"widget\" data-widget_type=\"heading.default\">\n\t\t\t\t<div class=\"elementor-widget-container\">\n\t\t\t<h2 class=\"elementor-heading-title elementor-size-default\">13. Destinatarios de los datos personales<\/h2>\t\t<\/div>\n\t\t\t\t<\/div>\n\t\t\t\t<div class=\"elementor-element elementor-element-c075e91 elementor-widget elementor-widget-text-editor\" data-id=\"c075e91\" data-element_type=\"widget\" data-widget_type=\"text-editor.default\">\n\t\t\t\t<div class=\"elementor-widget-container\">\n\t\t\t\t\t\t\t<p>Sus datos personales podr\u00e1n ser compartidos, entre otros, con proveedores de servicios externos y autoridades competentes.<\/p>\t\t\t\t\t\t<\/div>\n\t\t\t\t<\/div>\n\t\t\t\t\t<\/div>\n\t\t<\/div>\n\t\t\t\t\t\t\t<\/div>\n\t\t<\/section>\n\t\t\t\t<section class=\"has_ae_slider elementor-section elementor-top-section elementor-element elementor-element-209483f elementor-section-boxed elementor-section-height-default elementor-section-height-default wpr-particle-no wpr-jarallax-no wpr-parallax-no wpr-sticky-section-no ae-bg-gallery-type-default\" data-id=\"209483f\" data-element_type=\"section\">\n\t\t\t\t\t\t<div class=\"elementor-container elementor-column-gap-default\">\n\t\t\t\t\t<div class=\"has_ae_slider elementor-column elementor-col-100 elementor-top-column elementor-element elementor-element-a2649d6 ae-bg-gallery-type-default\" data-id=\"a2649d6\" data-element_type=\"column\">\n\t\t\t<div class=\"elementor-widget-wrap elementor-element-populated\">\n\t\t\t\t\t\t\t\t<div class=\"elementor-element elementor-element-383e3b7 elementor-widget elementor-widget-heading\" data-id=\"383e3b7\" data-element_type=\"widget\" data-widget_type=\"heading.default\">\n\t\t\t\t<div class=\"elementor-widget-container\">\n\t\t\t<h2 class=\"elementor-heading-title elementor-size-default\">14. Conservaci\u00f3n de los datos<\/h2>\t\t<\/div>\n\t\t\t\t<\/div>\n\t\t\t\t<div class=\"elementor-element elementor-element-bfbce44 elementor-widget elementor-widget-text-editor\" data-id=\"bfbce44\" data-element_type=\"widget\" data-widget_type=\"text-editor.default\">\n\t\t\t\t<div class=\"elementor-widget-container\">\n\t\t\t\t\t\t\t<p>Los datos personales tendr\u00e1n distintos plazos de conservaci\u00f3n dependiendo del tipo de relaci\u00f3n entre el Responsable y el Titular. Este plazo de conservaci\u00f3n siempre tendr\u00e1 relaci\u00f3n con las finalidades para las cuales se recogieron o seg\u00fan la justificaci\u00f3n de su tratamiento. En las relaciones de car\u00e1cter contractual se mantendr\u00e1n los datos personales durante toda la relaci\u00f3n contractual y por un plazo posterior, por un per\u00edodo de tiempo adecuado, que una vez cumplido corresponder\u00e1 a la eliminaci\u00f3n o anonimizaci\u00f3n de los datos personales.<\/p>\t\t\t\t\t\t<\/div>\n\t\t\t\t<\/div>\n\t\t\t\t\t<\/div>\n\t\t<\/div>\n\t\t\t\t\t\t\t<\/div>\n\t\t<\/section>\n\t\t\t\t<section class=\"has_ae_slider elementor-section elementor-top-section elementor-element elementor-element-51e22b5 elementor-section-boxed elementor-section-height-default elementor-section-height-default wpr-particle-no wpr-jarallax-no wpr-parallax-no wpr-sticky-section-no ae-bg-gallery-type-default\" data-id=\"51e22b5\" data-element_type=\"section\">\n\t\t\t\t\t\t<div class=\"elementor-container elementor-column-gap-default\">\n\t\t\t\t\t<div class=\"has_ae_slider elementor-column elementor-col-100 elementor-top-column elementor-element elementor-element-4455596 ae-bg-gallery-type-default\" data-id=\"4455596\" data-element_type=\"column\">\n\t\t\t<div class=\"elementor-widget-wrap elementor-element-populated\">\n\t\t\t\t\t\t\t\t<div class=\"elementor-element elementor-element-611ffae elementor-widget elementor-widget-heading\" data-id=\"611ffae\" data-element_type=\"widget\" data-widget_type=\"heading.default\">\n\t\t\t\t<div class=\"elementor-widget-container\">\n\t\t\t<h2 class=\"elementor-heading-title elementor-size-default\">15. Datos de categor\u00eda especial:<\/h2>\t\t<\/div>\n\t\t\t\t<\/div>\n\t\t\t\t<div class=\"elementor-element elementor-element-fa74b1b elementor-widget elementor-widget-text-editor\" data-id=\"fa74b1b\" data-element_type=\"widget\" data-widget_type=\"text-editor.default\">\n\t\t\t\t<div class=\"elementor-widget-container\">\n\t\t\t\t\t\t\t<p>La Empresa \u00fanicamente conocer\u00e1 datos relativos a la salud de modo estrictamente confidencial para poder atender el derecho superior del titular, incluyendo adecuar sus instalaciones para hacerlas m\u00e1s accesibles, atender necesidades especiales, tener las precauciones necesarias entendiendo los riesgos posibles a la salud de sus empleados, clientes y visitantes; y, cumplir con la normativa en materia laborales vigente.<\/p>\t\t\t\t\t\t<\/div>\n\t\t\t\t<\/div>\n\t\t\t\t\t<\/div>\n\t\t<\/div>\n\t\t\t\t\t\t\t<\/div>\n\t\t<\/section>\n\t\t\t\t<section class=\"has_ae_slider elementor-section elementor-top-section elementor-element elementor-element-a47ccd2 elementor-section-boxed elementor-section-height-default elementor-section-height-default wpr-particle-no wpr-jarallax-no wpr-parallax-no wpr-sticky-section-no ae-bg-gallery-type-default\" data-id=\"a47ccd2\" data-element_type=\"section\">\n\t\t\t\t\t\t<div class=\"elementor-container elementor-column-gap-default\">\n\t\t\t\t\t<div class=\"has_ae_slider elementor-column elementor-col-100 elementor-top-column elementor-element elementor-element-d622c7d ae-bg-gallery-type-default\" data-id=\"d622c7d\" data-element_type=\"column\">\n\t\t\t<div class=\"elementor-widget-wrap elementor-element-populated\">\n\t\t\t\t\t\t\t\t<div class=\"elementor-element elementor-element-a0454ba elementor-widget elementor-widget-heading\" data-id=\"a0454ba\" data-element_type=\"widget\" data-widget_type=\"heading.default\">\n\t\t\t\t<div class=\"elementor-widget-container\">\n\t\t\t<h2 class=\"elementor-heading-title elementor-size-default\">16. Derechos de los titulares<\/h2>\t\t<\/div>\n\t\t\t\t<\/div>\n\t\t\t\t<div class=\"elementor-element elementor-element-5498c04 elementor-widget elementor-widget-text-editor\" data-id=\"5498c04\" data-element_type=\"widget\" data-widget_type=\"text-editor.default\">\n\t\t\t\t<div class=\"elementor-widget-container\">\n\t\t\t\t\t\t\t<p>La Empresa garantiza el cumplimiento de los derechos garantizados a los titulares de datos personales en la LOPDP, para ello mantiene procedimientos internos adecuados para la recepci\u00f3n, an\u00e1lisis y resoluci\u00f3n<\/p><p>de los requerimientos de los titulares, as\u00ed como un permanente control que permita verificar el cumplimiento de sus derechos, en relaci\u00f3n a los Derechos de Acceso, Rectificaci\u00f3n y Actualizaci\u00f3n, Eliminaci\u00f3n, Oposici\u00f3n y Portabilidad, y dem\u00e1s, para ello se tomar\u00e1n en cuenta las siguientes estipulaciones:<\/p><p><strong>i. Derecho de Acceso:<\/strong> el o los titulares de datos personales, o sus representantes legales, cuyos datos sean objeto de tratamiento por parte de la Empresa tienen derecho a conocer y a obtener, gratuitamente todos sus datos personales y los detalles del tratamiento de dichos datos, sin necesidad de presentar justificaci\u00f3n alguna. La Empresa pone a su disposici\u00f3n el \u201cFormulario para el ejercicio de los Derechos de Acceso, Rectificaci\u00f3n, Cancelaci\u00f3n y Oposici\u00f3n (ARCO)\u201d y garantiza que una vez recibido dicho formulario ser\u00e1 atendido dentro del plazo de quince (15) d\u00edas.<\/p><p><strong>ii. Derecho de rectificaci\u00f3n y actualizaci\u00f3n:<\/strong> el o los titulares de datos personales cuyos datos sean objeto de tratamiento por parte de la Empresa, o sus representantes legales, tienen derecho a la rectificaci\u00f3n y actualizaci\u00f3n de sus datos personales inexactos o incompletos. Para el ejercicio de este derecho La Compa\u00f1\u00eda pone a su disposici\u00f3n el \u201cFormulario para el ejercicio de los Derechos de Acceso, Rectificaci\u00f3n, Cancelaci\u00f3n y Oposici\u00f3n (ARCO)\u201d, que contiene un campo donde el o los titulares deber\u00e1n presentar los justificativos de su solicitud. La Empresa garantiza una respuesta dentro en un plazo de quince (15) d\u00edas.<\/p><p><strong>iii. Derecho de eliminaci\u00f3n:<\/strong> los datos personales podr\u00e1n ser eliminados, a petici\u00f3n del titular o titulares en los casos establecidos en la LOPDP, para ello la Empresa pone a disposici\u00f3n de los titulares el \u201cFormulario para el ejercicio de los Derechos de Acceso, Rectificaci\u00f3n, Cancelaci\u00f3n y Oposici\u00f3n (ARCO)\u201d y garantiza una respuesta a estas solicitudes en el plazo de quince (15) d\u00edas de recibida la solicitud por parte del titular.<\/p><p><strong>iv. Derecho de oposici\u00f3n:<\/strong> el o los titulares de datos personales cuyos datos sean objeto de tratamiento por parte de la Empresa tienen derecho a oponerse al tratamiento de sus datos en los casos establecidos en la LOPDP, para ello la Empresa pone a disposici\u00f3n de los titulares el \u201cFormulario para el ejercicio de los Derechos de Acceso, Rectificaci\u00f3n, Cancelaci\u00f3n y Oposici\u00f3n (ARCO)\u201d y garantiza una respuesta a estas solicitudes en el plazo de quince (15) d\u00edas de recibida la solicitud por parte del titular.<\/p><p><strong>v. Derecho de portabilidad<\/strong>: el o los titulares de datos personales cuyos datos sean objeto de tratamiento por parte de la Empresa tienen derecho a recibir sus datos personales en un formato compatible, actualizado, estructurado, com\u00fan, interoperable y de lectura mec\u00e1nica, preservando sus caracter\u00edsticas; o, mediante expresa solicitud del titular, a transferir a otro nuevo responsable del tratamiento de datos cuando fuera t\u00e9cnicamente posible, siempre y cuando se cumpla una de las condiciones establecidas en la Ley. Para ello la Empresa pone a disposici\u00f3n de los titulares el Formulario de solicitud del Derecho a la Portabilidad.<\/p>\t\t\t\t\t\t<\/div>\n\t\t\t\t<\/div>\n\t\t\t\t\t<\/div>\n\t\t<\/div>\n\t\t\t\t\t\t\t<\/div>\n\t\t<\/section>\n\t\t\t\t<section class=\"has_ae_slider elementor-section elementor-top-section elementor-element elementor-element-6bdc2e3 elementor-section-boxed elementor-section-height-default elementor-section-height-default wpr-particle-no wpr-jarallax-no wpr-parallax-no wpr-sticky-section-no ae-bg-gallery-type-default\" data-id=\"6bdc2e3\" data-element_type=\"section\">\n\t\t\t\t\t\t<div class=\"elementor-container elementor-column-gap-default\">\n\t\t\t\t\t<div class=\"has_ae_slider elementor-column elementor-col-100 elementor-top-column elementor-element elementor-element-b36e476 ae-bg-gallery-type-default\" data-id=\"b36e476\" data-element_type=\"column\">\n\t\t\t<div class=\"elementor-widget-wrap elementor-element-populated\">\n\t\t\t\t\t\t\t\t<div class=\"elementor-element elementor-element-f233285 elementor-widget elementor-widget-heading\" data-id=\"f233285\" data-element_type=\"widget\" data-widget_type=\"heading.default\">\n\t\t\t\t<div class=\"elementor-widget-container\">\n\t\t\t<h2 class=\"elementor-heading-title elementor-size-default\">17. Guia de ejercicio de derechos de titulares<\/h2>\t\t<\/div>\n\t\t\t\t<\/div>\n\t\t\t\t<div class=\"elementor-element elementor-element-b4255de elementor-widget elementor-widget-text-editor\" data-id=\"b4255de\" data-element_type=\"widget\" data-widget_type=\"text-editor.default\">\n\t\t\t\t<div class=\"elementor-widget-container\">\n\t\t\t\t\t\t\t<p>De acuerdo con lo establecido en la normativa aplicable, el proceso de ejercicio de los derechos de los titulares, detallados en el numeral previo, se seguir\u00e1 conforme a lo dispuesto en la Ley y su Reglamento aplicable.<\/p><p>El titular deber\u00e1 presentar los justificativos pertinentes cuando sea neceario, a fin de respaldar su solicitud. Adem\u00e1s, deber\u00e1 adjuntar un documento habilitantes que demuestre su titularidad sobre los datos personales o que acredite su capacidad legal para solicitar el ejercicio de estos derechos en representaci\u00f3n de otro titular.<\/p><p>Las solicitudes deber\u00e1n cumplir con los siguientes requisitos:<\/p><ol><li>Nombres y apellidos del titular del derecho, y, en su caso, del representante legal.<\/li><li>Acreditaci\u00f3n de identidad: presentaci\u00f3n de una copia del documento de identidad con fotograf\u00eda del titular y, en su caso, del representante.<\/li><li>Petici\u00f3n concreta: Descripci\u00f3n clara y precisa de la solicitud que da lugar a la petici\u00f3n.<\/li><li>Domicilio: Direcci\u00f3n f\u00edsica y electr\u00f3nica del solicitante para el env\u00edo de las notificaciones correspondientes.<\/li><li>Fecha y firma del solicitante.<\/li><li>Documentos adicionales: los documentos que respalden la solicitud, en caso de ser necesarios.<\/li><\/ol><p>El responsible de los datos personales atender\u00e1 dicha solicitud en los quince (15) d\u00edas desde su recepci\u00f3n. Si corresponde la rectificaci\u00f3n de datos, el responsible deber\u00e1 informar al destinatario de los datos, si fuera el caso, para que proceda con la actualizaci\u00f3n correspondiente en el mismo plazo.<\/p>\t\t\t\t\t\t<\/div>\n\t\t\t\t<\/div>\n\t\t\t\t\t<\/div>\n\t\t<\/div>\n\t\t\t\t\t\t\t<\/div>\n\t\t<\/section>\n\t\t\t\t<section class=\"has_ae_slider elementor-section elementor-top-section elementor-element elementor-element-1e527fc elementor-section-boxed elementor-section-height-default elementor-section-height-default wpr-particle-no wpr-jarallax-no wpr-parallax-no wpr-sticky-section-no ae-bg-gallery-type-default\" data-id=\"1e527fc\" data-element_type=\"section\">\n\t\t\t\t\t\t<div class=\"elementor-container elementor-column-gap-default\">\n\t\t\t\t\t<div class=\"has_ae_slider elementor-column elementor-col-100 elementor-top-column elementor-element elementor-element-403555a ae-bg-gallery-type-default\" data-id=\"403555a\" data-element_type=\"column\">\n\t\t\t<div class=\"elementor-widget-wrap elementor-element-populated\">\n\t\t\t\t\t\t\t\t<div class=\"elementor-element elementor-element-625baa7 elementor-widget elementor-widget-heading\" data-id=\"625baa7\" data-element_type=\"widget\" data-widget_type=\"heading.default\">\n\t\t\t\t<div class=\"elementor-widget-container\">\n\t\t\t<h2 class=\"elementor-heading-title elementor-size-default\">18. Notificaci\u00f3n en caso de vulneraci\u00f3n a la seguridad de la informaci\u00f3n:<\/h2>\t\t<\/div>\n\t\t\t\t<\/div>\n\t\t\t\t<div class=\"elementor-element elementor-element-9f9c4d7 elementor-widget elementor-widget-text-editor\" data-id=\"9f9c4d7\" data-element_type=\"widget\" data-widget_type=\"text-editor.default\">\n\t\t\t\t<div class=\"elementor-widget-container\">\n\t\t\t\t\t\t\t<p>La Empresa implementar\u00e1 todas las medidas t\u00e9cnicas, organizativas y de cualquier otra \u00edndole para minimizar los riesgos, amenazas y vulnerabilidades; ser\u00e1 especialmente diligente en el mantenimiento de la seguridad de su informaci\u00f3n propia y de sus encargados y controlar\u00e1 que, en todos los procesos, desde el dise\u00f1o, origen y por defecto, tenga un nivel adecuado de protecci\u00f3n. En el caso de que la Empresa detecte una vulneraci\u00f3n a la seguridad de su informaci\u00f3n que pueda conllevar un riesgo a los derechos fundamentales y libertades individuales de los titulares, activar\u00e1 el protocolo establecido previamente para el efecto y realizar\u00e1 una notificaci\u00f3n a cada uno de los titulares y a las autoridades de control correspondientes, considerando lo establecido en el art\u00edculo 46 de la LOPDP.<\/p>\t\t\t\t\t\t<\/div>\n\t\t\t\t<\/div>\n\t\t\t\t\t<\/div>\n\t\t<\/div>\n\t\t\t\t\t\t\t<\/div>\n\t\t<\/section>\n\t\t\t\t<section class=\"has_ae_slider elementor-section elementor-top-section elementor-element elementor-element-1feb501 elementor-section-boxed elementor-section-height-default elementor-section-height-default wpr-particle-no wpr-jarallax-no wpr-parallax-no wpr-sticky-section-no ae-bg-gallery-type-default\" data-id=\"1feb501\" data-element_type=\"section\">\n\t\t\t\t\t\t<div class=\"elementor-container elementor-column-gap-default\">\n\t\t\t\t\t<div class=\"has_ae_slider elementor-column elementor-col-100 elementor-top-column elementor-element elementor-element-dd068fb ae-bg-gallery-type-default\" data-id=\"dd068fb\" data-element_type=\"column\">\n\t\t\t<div class=\"elementor-widget-wrap elementor-element-populated\">\n\t\t\t\t\t\t\t\t<div class=\"elementor-element elementor-element-ee976c5 elementor-widget elementor-widget-heading\" data-id=\"ee976c5\" data-element_type=\"widget\" data-widget_type=\"heading.default\">\n\t\t\t\t<div class=\"elementor-widget-container\">\n\t\t\t<h2 class=\"elementor-heading-title elementor-size-default\">19. Actualizaci\u00f3n de esta pol\u00edtica<\/h2>\t\t<\/div>\n\t\t\t\t<\/div>\n\t\t\t\t<div class=\"elementor-element elementor-element-31659e0 elementor-widget elementor-widget-text-editor\" data-id=\"31659e0\" data-element_type=\"widget\" data-widget_type=\"text-editor.default\">\n\t\t\t\t<div class=\"elementor-widget-container\">\n\t\t\t\t\t\t\t<p>Esta pol\u00edtica podr\u00e1 actualizarse en cualquier momento. As\u00ed mismo, en virtud del art\u00edculo 76 de la LOPDP esta pol\u00edtica podr\u00e1 ser modificada una vez que la Autoridad de Protecci\u00f3n de Datos emita las directrices para el dise\u00f1o y contenido de la pol\u00edtica de tratamiento de datos personales.<\/p>\t\t\t\t\t\t<\/div>\n\t\t\t\t<\/div>\n\t\t\t\t\t<\/div>\n\t\t<\/div>\n\t\t\t\t\t\t\t<\/div>\n\t\t<\/section>\n\t\t\t\t<section class=\"has_ae_slider elementor-section elementor-top-section elementor-element elementor-element-4c6d1df elementor-section-boxed elementor-section-height-default elementor-section-height-default wpr-particle-no wpr-jarallax-no wpr-parallax-no wpr-sticky-section-no ae-bg-gallery-type-default\" data-id=\"4c6d1df\" data-element_type=\"section\">\n\t\t\t\t\t\t<div class=\"elementor-container elementor-column-gap-default\">\n\t\t\t\t\t<div class=\"has_ae_slider elementor-column elementor-col-100 elementor-top-column elementor-element elementor-element-be41951 ae-bg-gallery-type-default\" data-id=\"be41951\" data-element_type=\"column\">\n\t\t\t<div class=\"elementor-widget-wrap elementor-element-populated\">\n\t\t\t\t\t\t\t\t<div class=\"elementor-element elementor-element-5c0f3b5 elementor-widget elementor-widget-heading\" data-id=\"5c0f3b5\" data-element_type=\"widget\" data-widget_type=\"heading.default\">\n\t\t\t\t<div class=\"elementor-widget-container\">\n\t\t\t<h2 class=\"elementor-heading-title elementor-size-default\">20. Datos de contacto del responsable del tratamiento de datos personales<\/h2>\t\t<\/div>\n\t\t\t\t<\/div>\n\t\t\t\t<div class=\"elementor-element elementor-element-bcfe46b elementor-widget elementor-widget-text-editor\" data-id=\"bcfe46b\" data-element_type=\"widget\" data-widget_type=\"text-editor.default\">\n\t\t\t\t<div class=\"elementor-widget-container\">\n\t\t\t\t\t\t\t<p>Para la solicitud de ejercicio de cualquiera de los derechos aqu\u00ed plasmados o reclamaci\u00f3n sobre el tratamiento de datos personales, los Titulares podr\u00e1n comunicarse a los siguientes datos de contacto:<\/p><p><strong>i. Nombre:<\/strong> La Competencia S.A.<\/p><p><strong>ii. RUC:<\/strong> 1790001075001<\/p><p><strong>iii. Gerente General:<\/strong> Miguel Pienknagura Engel<\/p><p><strong>iv. Direcci\u00f3n:<\/strong> Pasaje N44B E10-26 y Av. 6 de Diciembre, Quito \u2013 Ecuador. v. Correo electr\u00f3nico: compete1@competencia.com.ec<\/p><p><strong>vi. Tel\u00e9fonos:<\/strong> (0) 382 7390<\/p>\t\t\t\t\t\t<\/div>\n\t\t\t\t<\/div>\n\t\t\t\t\t<\/div>\n\t\t<\/div>\n\t\t\t\t\t\t\t<\/div>\n\t\t<\/section>\n\t\t\t\t\t\t<\/div>\n\t\t\t\t\t<\/div>\n\t\t","protected":false},"excerpt":{"rendered":"<p>\u00a0Pol\u00edtica de protecci\u00f3n de datos Al llenar el formulario y aceptar estos t\u00e9rminos y condiciones, est\u00e1s aceptando que la informaci\u00f3n que proporcionas ser\u00e1 utilizada \u00fanicamente para gestionar nuestra comunicaci\u00f3n y brindarte un mejor servicio. Nos comprometemos a utilizar tus datos de forma responsable y respetar tu privacidad. \u00a0 Uso de la informaci\u00f3n: 1.1. La informaci\u00f3n [&hellip;]<\/p>\n","protected":false},"author":1,"featured_media":0,"parent":0,"menu_order":0,"comment_status":"closed","ping_status":"closed","template":"","meta":[],"yoast_head":"<!-- This site is optimized with the Yoast SEO plugin v20.4 - https:\/\/yoast.com\/wordpress\/plugins\/seo\/ -->\n<title>\u00a0Pol\u00edtica de protecci\u00f3n de datos - La Competencia S.A<\/title>\n<meta name=\"robots\" content=\"noindex, follow\" \/>\n<meta property=\"og:locale\" content=\"es_ES\" \/>\n<meta property=\"og:type\" content=\"article\" \/>\n<meta property=\"og:title\" content=\"\u00a0Pol\u00edtica de protecci\u00f3n de datos - La Competencia S.A\" \/>\n<meta property=\"og:description\" content=\"\u00a0Pol\u00edtica de protecci\u00f3n de datos Al llenar el formulario y aceptar estos t\u00e9rminos y condiciones, est\u00e1s aceptando que la informaci\u00f3n que proporcionas ser\u00e1 utilizada \u00fanicamente para gestionar nuestra comunicaci\u00f3n y brindarte un mejor servicio. Nos comprometemos a utilizar tus datos de forma responsable y respetar tu privacidad. \u00a0 Uso de la informaci\u00f3n: 1.1. La informaci\u00f3n [&hellip;]\" \/>\n<meta property=\"og:url\" content=\"https:\/\/www.competencia.com.ec\/corporativo\/politica-de-proteccion-de-datos\/\" \/>\n<meta property=\"og:site_name\" content=\"La Competencia S.A\" \/>\n<meta property=\"article:publisher\" content=\"https:\/\/www.facebook.com\/lacompetenciasa\/\" \/>\n<meta property=\"article:modified_time\" content=\"2025-12-08T16:03:37+00:00\" \/>\n<meta name=\"twitter:card\" content=\"summary_large_image\" \/>\n<meta name=\"twitter:label1\" content=\"Tiempo de lectura\" \/>\n\t<meta name=\"twitter:data1\" content=\"19 minutos\" \/>\n<script type=\"application\/ld+json\" class=\"yoast-schema-graph\">{\"@context\":\"https:\/\/schema.org\",\"@graph\":[{\"@type\":\"WebPage\",\"@id\":\"https:\/\/www.competencia.com.ec\/corporativo\/politica-de-proteccion-de-datos\/\",\"url\":\"https:\/\/www.competencia.com.ec\/corporativo\/politica-de-proteccion-de-datos\/\",\"name\":\"\u00a0Pol\u00edtica de protecci\u00f3n de datos - La Competencia S.A\",\"isPartOf\":{\"@id\":\"https:\/\/www.competencia.com.ec\/corporativo\/#website\"},\"datePublished\":\"2023-10-12T16:50:33+00:00\",\"dateModified\":\"2025-12-08T16:03:37+00:00\",\"breadcrumb\":{\"@id\":\"https:\/\/www.competencia.com.ec\/corporativo\/politica-de-proteccion-de-datos\/#breadcrumb\"},\"inLanguage\":\"es\",\"potentialAction\":[{\"@type\":\"ReadAction\",\"target\":[\"https:\/\/www.competencia.com.ec\/corporativo\/politica-de-proteccion-de-datos\/\"]}]},{\"@type\":\"BreadcrumbList\",\"@id\":\"https:\/\/www.competencia.com.ec\/corporativo\/politica-de-proteccion-de-datos\/#breadcrumb\",\"itemListElement\":[{\"@type\":\"ListItem\",\"position\":1,\"name\":\"Portada\",\"item\":\"https:\/\/www.competencia.com.ec\/corporativo\/\"},{\"@type\":\"ListItem\",\"position\":2,\"name\":\"\u00a0Pol\u00edtica de protecci\u00f3n de datos\"}]},{\"@type\":\"WebSite\",\"@id\":\"https:\/\/www.competencia.com.ec\/corporativo\/#website\",\"url\":\"https:\/\/www.competencia.com.ec\/corporativo\/\",\"name\":\"La Competencia S.A\",\"description\":\"Otro sitio realizado con WordPress\",\"publisher\":{\"@id\":\"https:\/\/www.competencia.com.ec\/corporativo\/#organization\"},\"alternateName\":\"competencia.com.ec\",\"potentialAction\":[{\"@type\":\"SearchAction\",\"target\":{\"@type\":\"EntryPoint\",\"urlTemplate\":\"https:\/\/www.competencia.com.ec\/corporativo\/?s={search_term_string}\"},\"query-input\":\"required name=search_term_string\"}],\"inLanguage\":\"es\"},{\"@type\":\"Organization\",\"@id\":\"https:\/\/www.competencia.com.ec\/corporativo\/#organization\",\"name\":\"LA COMPETENCIA S.A.\",\"alternateName\":\"competencia.com.ec\",\"url\":\"https:\/\/www.competencia.com.ec\/corporativo\/\",\"logo\":{\"@type\":\"ImageObject\",\"inLanguage\":\"es\",\"@id\":\"https:\/\/www.competencia.com.ec\/corporativo\/#\/schema\/logo\/image\/\",\"url\":\"https:\/\/www.competencia.com.ec\/corporativo\/wp-content\/uploads\/2022\/03\/cropped-Logo-horizontal-230x35-1.png\",\"contentUrl\":\"https:\/\/www.competencia.com.ec\/corporativo\/wp-content\/uploads\/2022\/03\/cropped-Logo-horizontal-230x35-1.png\",\"width\":230,\"height\":35,\"caption\":\"LA COMPETENCIA S.A.\"},\"image\":{\"@id\":\"https:\/\/www.competencia.com.ec\/corporativo\/#\/schema\/logo\/image\/\"},\"sameAs\":[\"https:\/\/www.facebook.com\/lacompetenciasa\/\"]}]}<\/script>\n<!-- \/ Yoast SEO plugin. -->","yoast_head_json":{"title":"\u00a0Pol\u00edtica de protecci\u00f3n de datos - La Competencia S.A","robots":{"index":"noindex","follow":"follow"},"og_locale":"es_ES","og_type":"article","og_title":"\u00a0Pol\u00edtica de protecci\u00f3n de datos - La Competencia S.A","og_description":"\u00a0Pol\u00edtica de protecci\u00f3n de datos Al llenar el formulario y aceptar estos t\u00e9rminos y condiciones, est\u00e1s aceptando que la informaci\u00f3n que proporcionas ser\u00e1 utilizada \u00fanicamente para gestionar nuestra comunicaci\u00f3n y brindarte un mejor servicio. Nos comprometemos a utilizar tus datos de forma responsable y respetar tu privacidad. \u00a0 Uso de la informaci\u00f3n: 1.1. La informaci\u00f3n [&hellip;]","og_url":"https:\/\/www.competencia.com.ec\/corporativo\/politica-de-proteccion-de-datos\/","og_site_name":"La Competencia S.A","article_publisher":"https:\/\/www.facebook.com\/lacompetenciasa\/","article_modified_time":"2025-12-08T16:03:37+00:00","twitter_card":"summary_large_image","twitter_misc":{"Tiempo de lectura":"19 minutos"},"schema":{"@context":"https:\/\/schema.org","@graph":[{"@type":"WebPage","@id":"https:\/\/www.competencia.com.ec\/corporativo\/politica-de-proteccion-de-datos\/","url":"https:\/\/www.competencia.com.ec\/corporativo\/politica-de-proteccion-de-datos\/","name":"\u00a0Pol\u00edtica de protecci\u00f3n de datos - La Competencia S.A","isPartOf":{"@id":"https:\/\/www.competencia.com.ec\/corporativo\/#website"},"datePublished":"2023-10-12T16:50:33+00:00","dateModified":"2025-12-08T16:03:37+00:00","breadcrumb":{"@id":"https:\/\/www.competencia.com.ec\/corporativo\/politica-de-proteccion-de-datos\/#breadcrumb"},"inLanguage":"es","potentialAction":[{"@type":"ReadAction","target":["https:\/\/www.competencia.com.ec\/corporativo\/politica-de-proteccion-de-datos\/"]}]},{"@type":"BreadcrumbList","@id":"https:\/\/www.competencia.com.ec\/corporativo\/politica-de-proteccion-de-datos\/#breadcrumb","itemListElement":[{"@type":"ListItem","position":1,"name":"Portada","item":"https:\/\/www.competencia.com.ec\/corporativo\/"},{"@type":"ListItem","position":2,"name":"\u00a0Pol\u00edtica de protecci\u00f3n de datos"}]},{"@type":"WebSite","@id":"https:\/\/www.competencia.com.ec\/corporativo\/#website","url":"https:\/\/www.competencia.com.ec\/corporativo\/","name":"La Competencia S.A","description":"Otro sitio realizado con WordPress","publisher":{"@id":"https:\/\/www.competencia.com.ec\/corporativo\/#organization"},"alternateName":"competencia.com.ec","potentialAction":[{"@type":"SearchAction","target":{"@type":"EntryPoint","urlTemplate":"https:\/\/www.competencia.com.ec\/corporativo\/?s={search_term_string}"},"query-input":"required name=search_term_string"}],"inLanguage":"es"},{"@type":"Organization","@id":"https:\/\/www.competencia.com.ec\/corporativo\/#organization","name":"LA COMPETENCIA S.A.","alternateName":"competencia.com.ec","url":"https:\/\/www.competencia.com.ec\/corporativo\/","logo":{"@type":"ImageObject","inLanguage":"es","@id":"https:\/\/www.competencia.com.ec\/corporativo\/#\/schema\/logo\/image\/","url":"https:\/\/www.competencia.com.ec\/corporativo\/wp-content\/uploads\/2022\/03\/cropped-Logo-horizontal-230x35-1.png","contentUrl":"https:\/\/www.competencia.com.ec\/corporativo\/wp-content\/uploads\/2022\/03\/cropped-Logo-horizontal-230x35-1.png","width":230,"height":35,"caption":"LA COMPETENCIA S.A."},"image":{"@id":"https:\/\/www.competencia.com.ec\/corporativo\/#\/schema\/logo\/image\/"},"sameAs":["https:\/\/www.facebook.com\/lacompetenciasa\/"]}]}},"_links":{"self":[{"href":"https:\/\/www.competencia.com.ec\/corporativo\/wp-json\/wp\/v2\/pages\/16401"}],"collection":[{"href":"https:\/\/www.competencia.com.ec\/corporativo\/wp-json\/wp\/v2\/pages"}],"about":[{"href":"https:\/\/www.competencia.com.ec\/corporativo\/wp-json\/wp\/v2\/types\/page"}],"author":[{"embeddable":true,"href":"https:\/\/www.competencia.com.ec\/corporativo\/wp-json\/wp\/v2\/users\/1"}],"replies":[{"embeddable":true,"href":"https:\/\/www.competencia.com.ec\/corporativo\/wp-json\/wp\/v2\/comments?post=16401"}],"version-history":[{"count":16,"href":"https:\/\/www.competencia.com.ec\/corporativo\/wp-json\/wp\/v2\/pages\/16401\/revisions"}],"predecessor-version":[{"id":26785,"href":"https:\/\/www.competencia.com.ec\/corporativo\/wp-json\/wp\/v2\/pages\/16401\/revisions\/26785"}],"wp:attachment":[{"href":"https:\/\/www.competencia.com.ec\/corporativo\/wp-json\/wp\/v2\/media?parent=16401"}],"curies":[{"name":"wp","href":"https:\/\/api.w.org\/{rel}","templated":true}]}}