{"id":16407,"date":"2023-10-10T11:23:33","date_gmt":"2023-10-10T16:23:33","guid":{"rendered":"https:\/\/www.competencia.com.ec\/corporativo\/?page_id=16407"},"modified":"2024-11-11T14:51:48","modified_gmt":"2024-11-11T19:51:48","slug":"politica-de-videovigilancia","status":"publish","type":"page","link":"https:\/\/www.competencia.com.ec\/corporativo\/politica-de-videovigilancia\/","title":{"rendered":"POL\u00cdTICA DE VIDEOVIGILANCIA\u00a0"},"content":{"rendered":"\t\t<div data-elementor-type=\"wp-page\" data-elementor-id=\"16407\" class=\"elementor elementor-16407\" data-elementor-settings=\"[]\">\n\t\t\t\t\t\t\t<div class=\"elementor-section-wrap\">\n\t\t\t\t\t\t\t<section class=\"has_ae_slider elementor-section elementor-top-section elementor-element elementor-element-698075a elementor-section-boxed elementor-section-height-default elementor-section-height-default wpr-particle-no wpr-jarallax-no wpr-parallax-no wpr-sticky-section-no ae-bg-gallery-type-default\" data-id=\"698075a\" data-element_type=\"section\">\n\t\t\t\t\t\t<div class=\"elementor-container elementor-column-gap-default\">\n\t\t\t\t\t<div class=\"has_ae_slider elementor-column elementor-col-100 elementor-top-column elementor-element elementor-element-3a15f2e ae-bg-gallery-type-default\" data-id=\"3a15f2e\" data-element_type=\"column\">\n\t\t\t<div class=\"elementor-widget-wrap elementor-element-populated\">\n\t\t\t\t\t\t\t\t<div class=\"elementor-element elementor-element-be2d8bd elementor-widget elementor-widget-heading\" data-id=\"be2d8bd\" data-element_type=\"widget\" data-widget_type=\"heading.default\">\n\t\t\t\t<div class=\"elementor-widget-container\">\n\t\t\t<style>\/*! elementor - v3.5.6 - 28-02-2022 *\/\n.elementor-heading-title{padding:0;margin:0;line-height:1}.elementor-widget-heading .elementor-heading-title[class*=elementor-size-]>a{color:inherit;font-size:inherit;line-height:inherit}.elementor-widget-heading .elementor-heading-title.elementor-size-small{font-size:15px}.elementor-widget-heading .elementor-heading-title.elementor-size-medium{font-size:19px}.elementor-widget-heading .elementor-heading-title.elementor-size-large{font-size:29px}.elementor-widget-heading .elementor-heading-title.elementor-size-xl{font-size:39px}.elementor-widget-heading .elementor-heading-title.elementor-size-xxl{font-size:59px}<\/style><h1 class=\"elementor-heading-title elementor-size-default\">POL\u00cdTICA DE VIDEOVIGILANCIA \n\nLA COMPETENCIA S.A <\/h1>\t\t<\/div>\n\t\t\t\t<\/div>\n\t\t\t\t<div class=\"elementor-element elementor-element-8d071c1 elementor-hidden-desktop elementor-hidden-tablet elementor-hidden-mobile elementor-widget elementor-widget-text-editor\" data-id=\"8d071c1\" data-element_type=\"widget\" data-widget_type=\"text-editor.default\">\n\t\t\t\t<div class=\"elementor-widget-container\">\n\t\t\t<style>\/*! elementor - v3.5.6 - 28-02-2022 *\/\n.elementor-widget-text-editor.elementor-drop-cap-view-stacked .elementor-drop-cap{background-color:#818a91;color:#fff}.elementor-widget-text-editor.elementor-drop-cap-view-framed .elementor-drop-cap{color:#818a91;border:3px solid;background-color:transparent}.elementor-widget-text-editor:not(.elementor-drop-cap-view-default) .elementor-drop-cap{margin-top:8px}.elementor-widget-text-editor:not(.elementor-drop-cap-view-default) .elementor-drop-cap-letter{width:1em;height:1em}.elementor-widget-text-editor .elementor-drop-cap{float:left;text-align:center;line-height:1;font-size:50px}.elementor-widget-text-editor .elementor-drop-cap-letter{display:inline-block}<\/style>\t\t\t\t<p><span style=\"color: var( --e-global-color-text ); font-family: var( --e-global-typography-text-font-family ), Sans-serif; font-size: var( --e-global-typography-text-font-size ); font-weight: var( --e-global-typography-text-font-weight );\">Al llenar el formulario y aceptar estos t\u00e9rminos y condiciones, est\u00e1s aceptando que la informaci\u00f3n que proporcionas ser\u00e1 utilizada \u00fanicamente para gestionar nuestra comunicaci\u00f3n y brindarte un mejor servicio. Nos comprometemos a utilizar tus datos de forma responsable y respetar tu privacidad.<\/span><\/p><p>\u00a0<\/p><p><strong>Uso de la informaci\u00f3n:<\/strong><\/p><p>1.1. La informaci\u00f3n que nos proporciones ser\u00e1 utilizada para responder a tus consultas, brindarte informaci\u00f3n sobre nuestros productos o servicios, procesar tus pedidos y mantener una comunicaci\u00f3n efectiva contigo.<\/p><p>1.2. Nos comprometemos a no compartir, vender ni transferir tus datos personales a terceros, a menos que contemos con tu consentimiento expreso o estemos legalmente obligados a hacerlo.<\/p><p>1.3. Tu informaci\u00f3n personal ser\u00e1 tratada de acuerdo con nuestra Pol\u00edtica de Privacidad, la cual puedes consultar en nuestra p\u00e1gina web.<\/p><p>\u00a0<\/p><p><strong>Seguridad de los datos:<\/strong><\/p><p>2.1. Tomamos todas las medidas razonables para proteger la seguridad y confidencialidad de tu informaci\u00f3n personal. Utilizamos tecnolog\u00eda y pr\u00e1cticas de seguridad adecuadas para proteger tus datos contra accesos no autorizados, p\u00e9rdidas o alteraciones.<\/p><p>2.2. Sin embargo, debes tener en cuenta que ninguna transmisi\u00f3n de datos a trav\u00e9s de Internet o cualquier red de comunicaci\u00f3n puede garantizar ser 100% segura. Por lo tanto, no podemos garantizar la seguridad absoluta de la informaci\u00f3n que compartas con nosotros.<\/p><p>\u00a0<\/p><p><strong>Consentimiento para recibir publicidad:<\/strong><\/p><p>3.1. Al aceptar estos t\u00e9rminos y condiciones, tambi\u00e9n est\u00e1s otorgando tu consentimiento para recibir mensajes de publicidad y promociones a trav\u00e9s de tu n\u00famero de WhatsApp.<\/p><p>3.2. Los mensajes de publicidad que recibir\u00e1s pueden incluir informaci\u00f3n sobre nuevos productos, ofertas especiales, descuentos u otras comunicaciones relacionadas con nuestra empresa.<\/p><p>3.3. En cualquier momento, podr\u00e1s optar por no recibir m\u00e1s mensajes de publicidad a trav\u00e9s de WhatsApp siguiendo las instrucciones de cancelaci\u00f3n de suscripci\u00f3n que se incluir\u00e1n en cada mensaje.<\/p><p>\u00a0<\/p><p><strong><em>Recuerda que al aceptar estos t\u00e9rminos y condiciones, est\u00e1s otorgando tu consentimiento para el uso de tu informaci\u00f3n personal de acuerdo con lo establecido anteriormente. Te recomendamos leer detenidamente nuestra Pol\u00edtica de Privacidad y Contacto antes de proporcionarnos tus datos personales.<\/em><\/strong><\/p><p>\u00a0<\/p><p><strong><em>Si tienes alguna pregunta o inquietud acerca de nuestros t\u00e9rminos y condiciones, te invitamos a ponerse en contacto con nosotros a trav\u00e9s de los medios de comunicaci\u00f3n indicados en nuestra p\u00e1gina web.<\/em><\/strong><\/p>\t\t\t\t\t\t<\/div>\n\t\t\t\t<\/div>\n\t\t\t\t\t<\/div>\n\t\t<\/div>\n\t\t\t\t\t\t\t<\/div>\n\t\t<\/section>\n\t\t\t\t<section class=\"has_ae_slider elementor-section elementor-top-section elementor-element elementor-element-00305e5 elementor-section-boxed elementor-section-height-default elementor-section-height-default wpr-particle-no wpr-jarallax-no wpr-parallax-no wpr-sticky-section-no ae-bg-gallery-type-default\" data-id=\"00305e5\" data-element_type=\"section\">\n\t\t\t\t\t\t<div class=\"elementor-container elementor-column-gap-default\">\n\t\t\t\t\t<div class=\"has_ae_slider elementor-column elementor-col-100 elementor-top-column elementor-element elementor-element-8c58733 ae-bg-gallery-type-default\" data-id=\"8c58733\" data-element_type=\"column\">\n\t\t\t<div class=\"elementor-widget-wrap elementor-element-populated\">\n\t\t\t\t\t\t\t\t<div class=\"elementor-element elementor-element-1855448 elementor-widget elementor-widget-text-editor\" data-id=\"1855448\" data-element_type=\"widget\" data-widget_type=\"text-editor.default\">\n\t\t\t\t<div class=\"elementor-widget-container\">\n\t\t\t\t\t\t\t<p>La Competencia S.A., de aqu\u00ed en adelante \u201cLa Competencia\u201d o la \u201cEmpresa\u201d, en estricto cumplimiento de la Ley Org\u00e1nica de Protecci\u00f3n de Datos Personales (en adelante LOPDP) publicada en el Registro Oficial Suplemento No. 459 de 26 de mayo de 2021 y las buenas pr\u00e1cticas en materia de protecci\u00f3n de datos personales, pone en conocimiento de todos sus trabajadores, clientes, proveedores y visitantes de las instalaciones de La Competencia S.A., su pol\u00edtica de videovigilancia:<\/p>\t\t\t\t\t\t<\/div>\n\t\t\t\t<\/div>\n\t\t\t\t\t<\/div>\n\t\t<\/div>\n\t\t\t\t\t\t\t<\/div>\n\t\t<\/section>\n\t\t\t\t<section class=\"has_ae_slider elementor-section elementor-top-section elementor-element elementor-element-9c5eb82 elementor-section-boxed elementor-section-height-default elementor-section-height-default wpr-particle-no wpr-jarallax-no wpr-parallax-no wpr-sticky-section-no ae-bg-gallery-type-default\" data-id=\"9c5eb82\" data-element_type=\"section\">\n\t\t\t\t\t\t<div class=\"elementor-container elementor-column-gap-default\">\n\t\t\t\t\t<div class=\"has_ae_slider elementor-column elementor-col-100 elementor-top-column elementor-element elementor-element-f1add9c ae-bg-gallery-type-default\" data-id=\"f1add9c\" data-element_type=\"column\">\n\t\t\t<div class=\"elementor-widget-wrap elementor-element-populated\">\n\t\t\t\t\t\t\t\t<div class=\"elementor-element elementor-element-e2cf6a0 elementor-widget elementor-widget-heading\" data-id=\"e2cf6a0\" data-element_type=\"widget\" data-widget_type=\"heading.default\">\n\t\t\t\t<div class=\"elementor-widget-container\">\n\t\t\t<h2 class=\"elementor-heading-title elementor-size-default\">PRIMERA. - ALCANCE DE LA POL\u00cdTICA: <\/h2>\t\t<\/div>\n\t\t\t\t<\/div>\n\t\t\t\t<div class=\"elementor-element elementor-element-48b5a8b elementor-widget elementor-widget-text-editor\" data-id=\"48b5a8b\" data-element_type=\"widget\" data-widget_type=\"text-editor.default\">\n\t\t\t\t<div class=\"elementor-widget-container\">\n\t\t\t\t\t\t\t<p>La Empresa utiliza un Circuito Cerrado de Televisi\u00f3n (en adelante, CCTV) en sus instalaciones. El objetivo de esta pol\u00edtica es establecer trasparentemente la posici\u00f3n de la Empresa en cuanto a la gesti\u00f3n, la operaci\u00f3n y el uso del CCTV en sus instalaciones localizadas en la ciudad de Quito, provincia de Pichincha, en las calles Pasaje N44B E10-26 y Av. 6 de Diciembre, Quito, Ecuador.<\/p>\n<p>Esta pol\u00edtica se aplica a todos los trabajadores, clientes, visitantes, proveedores y contratistas de la Empresa, y a todas las dem\u00e1s personas cuyas im\u00e1genes puedan ser captadas por el sistema de CCTV.<\/p>\t\t\t\t\t\t<\/div>\n\t\t\t\t<\/div>\n\t\t\t\t\t<\/div>\n\t\t<\/div>\n\t\t\t\t\t\t\t<\/div>\n\t\t<\/section>\n\t\t\t\t<section class=\"has_ae_slider elementor-section elementor-top-section elementor-element elementor-element-6abc291 elementor-section-boxed elementor-section-height-default elementor-section-height-default wpr-particle-no wpr-jarallax-no wpr-parallax-no wpr-sticky-section-no ae-bg-gallery-type-default\" data-id=\"6abc291\" data-element_type=\"section\">\n\t\t\t\t\t\t<div class=\"elementor-container elementor-column-gap-default\">\n\t\t\t\t\t<div class=\"has_ae_slider elementor-column elementor-col-100 elementor-top-column elementor-element elementor-element-194d16b ae-bg-gallery-type-default\" data-id=\"194d16b\" data-element_type=\"column\">\n\t\t\t<div class=\"elementor-widget-wrap elementor-element-populated\">\n\t\t\t\t\t\t\t\t<div class=\"elementor-element elementor-element-5eb3565 elementor-widget elementor-widget-heading\" data-id=\"5eb3565\" data-element_type=\"widget\" data-widget_type=\"heading.default\">\n\t\t\t\t<div class=\"elementor-widget-container\">\n\t\t\t<h2 class=\"elementor-heading-title elementor-size-default\">SEGUNDA. - FINALIDAD DE LAS GRABACIONES EN VIDEO (CCTV): <\/h2>\t\t<\/div>\n\t\t\t\t<\/div>\n\t\t\t\t<div class=\"elementor-element elementor-element-9602f3a elementor-widget elementor-widget-text-editor\" data-id=\"9602f3a\" data-element_type=\"widget\" data-widget_type=\"text-editor.default\">\n\t\t\t\t<div class=\"elementor-widget-container\">\n\t\t\t\t\t\t\t<p><span style=\"color: var( --e-global-color-text ); font-family: var( --e-global-typography-text-font-family ), Sans-serif; font-size: var( --e-global-typography-text-font-size ); font-weight: var( --e-global-typography-text-font-weight );\">La Empresa utiliza el sistema de videovigilancia o CCTV para las siguientes finalidades espec\u00edficas, y leg\u00edtimas, justificadas en virtud de la Constituci\u00f3n de la Rep\u00fablica del Ecuador y la LOPDP:<\/span><\/p>\n<p>Garantizar la seguridad personal de los titulares y de los bienes de las personas que se encuentren dentro de la Empresa y para la investigaci\u00f3n de los incidentes que puedan ocurrir dentro de las instalaciones de la Empresa.<\/p>\n<p>Para ayudar en la prevenci\u00f3n e investigaci\u00f3n de delitos y colaborar con las fuerzas y cuerpos del orden en la detenci\u00f3n de delincuentes en caso de ser requeridos por autoridad competente.<\/p>\n<p>La Empresa no utilizar\u00e1 las grabaciones del CCTV para posteriores tratamientos incompatibles con los fines mencionados.<\/p>\t\t\t\t\t\t<\/div>\n\t\t\t\t<\/div>\n\t\t\t\t\t<\/div>\n\t\t<\/div>\n\t\t\t\t\t\t\t<\/div>\n\t\t<\/section>\n\t\t\t\t<section class=\"has_ae_slider elementor-section elementor-top-section elementor-element elementor-element-3618b52 elementor-section-boxed elementor-section-height-default elementor-section-height-default wpr-particle-no wpr-jarallax-no wpr-parallax-no wpr-sticky-section-no ae-bg-gallery-type-default\" data-id=\"3618b52\" data-element_type=\"section\">\n\t\t\t\t\t\t<div class=\"elementor-container elementor-column-gap-default\">\n\t\t\t\t\t<div class=\"has_ae_slider elementor-column elementor-col-100 elementor-top-column elementor-element elementor-element-68dc18c ae-bg-gallery-type-default\" data-id=\"68dc18c\" data-element_type=\"column\">\n\t\t\t<div class=\"elementor-widget-wrap elementor-element-populated\">\n\t\t\t\t\t\t\t\t<div class=\"elementor-element elementor-element-577a021 elementor-widget elementor-widget-heading\" data-id=\"577a021\" data-element_type=\"widget\" data-widget_type=\"heading.default\">\n\t\t\t\t<div class=\"elementor-widget-container\">\n\t\t\t<h2 class=\"elementor-heading-title elementor-size-default\">TERCERA. - COMUNICACI\u00d3N DE GRABACI\u00d3N:<\/h2>\t\t<\/div>\n\t\t\t\t<\/div>\n\t\t\t\t<div class=\"elementor-element elementor-element-8c650f6 elementor-widget elementor-widget-text-editor\" data-id=\"8c650f6\" data-element_type=\"widget\" data-widget_type=\"text-editor.default\">\n\t\t\t\t<div class=\"elementor-widget-container\">\n\t\t\t\t\t\t\t<p>La Empresa informar\u00e1 sobre la videovigilancia mediante carteles visibles y claros que se encontrar\u00e1n en lugares estrat\u00e9gicos de la Empresa. Dentro de esos carteles se encuentran los fines de la vigilancia mediante c\u00e1maras de seguridad, as\u00ed como el canal de comunicaci\u00f3n con el responsable de tratamiento de datos en caso de requerir informaci\u00f3n o ejercer los derechos garantizados a los titulares de datos personales en la Constituci\u00f3n de la Rep\u00fablica del Ecuador, LOPDP, y dem\u00e1s normativa vinculante.\u00a0<\/p>\t\t\t\t\t\t<\/div>\n\t\t\t\t<\/div>\n\t\t\t\t\t<\/div>\n\t\t<\/div>\n\t\t\t\t\t\t\t<\/div>\n\t\t<\/section>\n\t\t\t\t<section class=\"has_ae_slider elementor-section elementor-top-section elementor-element elementor-element-3d6fe32 elementor-section-boxed elementor-section-height-default elementor-section-height-default wpr-particle-no wpr-jarallax-no wpr-parallax-no wpr-sticky-section-no ae-bg-gallery-type-default\" data-id=\"3d6fe32\" data-element_type=\"section\">\n\t\t\t\t\t\t<div class=\"elementor-container elementor-column-gap-default\">\n\t\t\t\t\t<div class=\"has_ae_slider elementor-column elementor-col-100 elementor-top-column elementor-element elementor-element-6b38416 ae-bg-gallery-type-default\" data-id=\"6b38416\" data-element_type=\"column\">\n\t\t\t<div class=\"elementor-widget-wrap elementor-element-populated\">\n\t\t\t\t\t\t\t\t<div class=\"elementor-element elementor-element-144efe8 elementor-widget elementor-widget-heading\" data-id=\"144efe8\" data-element_type=\"widget\" data-widget_type=\"heading.default\">\n\t\t\t\t<div class=\"elementor-widget-container\">\n\t\t\t<h2 class=\"elementor-heading-title elementor-size-default\">CUARTA. - LUGAR DE LAS C\u00c1MARAS:<\/h2>\t\t<\/div>\n\t\t\t\t<\/div>\n\t\t\t\t<div class=\"elementor-element elementor-element-7dd4280 elementor-widget elementor-widget-text-editor\" data-id=\"7dd4280\" data-element_type=\"widget\" data-widget_type=\"text-editor.default\">\n\t\t\t\t<div class=\"elementor-widget-container\">\n\t\t\t\t\t\t\t<p>La vigilancia mediante c\u00e1maras de seguridad se limitar\u00e1 solo a \u00e1reas p\u00fablicas de la Empresa, y no se permitir\u00e1 la grabaci\u00f3n de im\u00e1genes en lugares privados como ba\u00f1os, vestuarios, \u00e1reas de descanso para empleados, u otras de naturaleza privada.\u00a0<\/p>\n<p>Todas las c\u00e1maras de CCTV se ubicar\u00e1n de tal manera que cumplan las finalidades descritas en el numeral 3 de la presente pol\u00edtica y las consideraciones del numeral 5. Las c\u00e1maras se ubicar\u00e1n en lugares en los que est\u00e9n claramente visibles.\u00a0<\/p>\t\t\t\t\t\t<\/div>\n\t\t\t\t<\/div>\n\t\t\t\t\t<\/div>\n\t\t<\/div>\n\t\t\t\t\t\t\t<\/div>\n\t\t<\/section>\n\t\t\t\t<section class=\"has_ae_slider elementor-section elementor-top-section elementor-element elementor-element-9c506e4 elementor-section-boxed elementor-section-height-default elementor-section-height-default wpr-particle-no wpr-jarallax-no wpr-parallax-no wpr-sticky-section-no ae-bg-gallery-type-default\" data-id=\"9c506e4\" data-element_type=\"section\">\n\t\t\t\t\t\t<div class=\"elementor-container elementor-column-gap-default\">\n\t\t\t\t\t<div class=\"has_ae_slider elementor-column elementor-col-100 elementor-top-column elementor-element elementor-element-9cca7e8 ae-bg-gallery-type-default\" data-id=\"9cca7e8\" data-element_type=\"column\">\n\t\t\t<div class=\"elementor-widget-wrap elementor-element-populated\">\n\t\t\t\t\t\t\t\t<div class=\"elementor-element elementor-element-797f06f elementor-widget elementor-widget-heading\" data-id=\"797f06f\" data-element_type=\"widget\" data-widget_type=\"heading.default\">\n\t\t\t\t<div class=\"elementor-widget-container\">\n\t\t\t<h2 class=\"elementor-heading-title elementor-size-default\">QUINTA. \u2013 TIEMPO DE ALMACENAMIENTO DE LAS GRABACIONES: <\/h2>\t\t<\/div>\n\t\t\t\t<\/div>\n\t\t\t\t<div class=\"elementor-element elementor-element-9d89c0f elementor-widget elementor-widget-text-editor\" data-id=\"9d89c0f\" data-element_type=\"widget\" data-widget_type=\"text-editor.default\">\n\t\t\t\t<div class=\"elementor-widget-container\">\n\t\t\t\t\t\t\t<p>Los datos obtenidos por las c\u00e1maras se almacenar\u00e1n solo por un per\u00edodo de un mes calendario, y se eliminar\u00e1n autom\u00e1ticamente a menos que sea necesario mantenerlas para la seguridad de la Empresa o para cualquier investigaci\u00f3n en curso. Las im\u00e1genes solo se conservar\u00e1n durante periodos m\u00e1s largos cuando la Empresa haya recibido una disposici\u00f3n de autoridad competente o tenga obligaci\u00f3n legal para ello.<\/p>\t\t\t\t\t\t<\/div>\n\t\t\t\t<\/div>\n\t\t\t\t\t<\/div>\n\t\t<\/div>\n\t\t\t\t\t\t\t<\/div>\n\t\t<\/section>\n\t\t\t\t<section class=\"has_ae_slider elementor-section elementor-top-section elementor-element elementor-element-cfae8d8 elementor-section-boxed elementor-section-height-default elementor-section-height-default wpr-particle-no wpr-jarallax-no wpr-parallax-no wpr-sticky-section-no ae-bg-gallery-type-default\" data-id=\"cfae8d8\" data-element_type=\"section\">\n\t\t\t\t\t\t<div class=\"elementor-container elementor-column-gap-default\">\n\t\t\t\t\t<div class=\"has_ae_slider elementor-column elementor-col-100 elementor-top-column elementor-element elementor-element-15cdf07 ae-bg-gallery-type-default\" data-id=\"15cdf07\" data-element_type=\"column\">\n\t\t\t<div class=\"elementor-widget-wrap elementor-element-populated\">\n\t\t\t\t\t\t\t\t<div class=\"elementor-element elementor-element-c9d1122 elementor-widget elementor-widget-heading\" data-id=\"c9d1122\" data-element_type=\"widget\" data-widget_type=\"heading.default\">\n\t\t\t\t<div class=\"elementor-widget-container\">\n\t\t\t<h2 class=\"elementor-heading-title elementor-size-default\">SEXTA. - ENCARGADO DEL TRATAMIENTO:<\/h2>\t\t<\/div>\n\t\t\t\t<\/div>\n\t\t\t\t<div class=\"elementor-element elementor-element-75e84f5 elementor-widget elementor-widget-text-editor\" data-id=\"75e84f5\" data-element_type=\"widget\" data-widget_type=\"text-editor.default\">\n\t\t\t\t<div class=\"elementor-widget-container\">\n\t\t\t\t\t\t\t<p>La gesti\u00f3n del CCTV ser\u00e1 realizada por el \u00e1rea de t\u00e9cnica de la Empresa en calidad de encargado. La Empresa garantiza que se tomar\u00e1n las medidas de seguridad adecuadas para proteger las grabaciones contra accesos no autorizados.<\/p>\t\t\t\t\t\t<\/div>\n\t\t\t\t<\/div>\n\t\t\t\t\t<\/div>\n\t\t<\/div>\n\t\t\t\t\t\t\t<\/div>\n\t\t<\/section>\n\t\t\t\t<section class=\"has_ae_slider elementor-section elementor-top-section elementor-element elementor-element-dc8026f elementor-section-boxed elementor-section-height-default elementor-section-height-default wpr-particle-no wpr-jarallax-no wpr-parallax-no wpr-sticky-section-no ae-bg-gallery-type-default\" data-id=\"dc8026f\" data-element_type=\"section\">\n\t\t\t\t\t\t<div class=\"elementor-container elementor-column-gap-default\">\n\t\t\t\t\t<div class=\"has_ae_slider elementor-column elementor-col-100 elementor-top-column elementor-element elementor-element-6df3ef0 ae-bg-gallery-type-default\" data-id=\"6df3ef0\" data-element_type=\"column\">\n\t\t\t<div class=\"elementor-widget-wrap elementor-element-populated\">\n\t\t\t\t\t\t\t\t<div class=\"elementor-element elementor-element-2a9efd3 elementor-widget elementor-widget-heading\" data-id=\"2a9efd3\" data-element_type=\"widget\" data-widget_type=\"heading.default\">\n\t\t\t\t<div class=\"elementor-widget-container\">\n\t\t\t<h2 class=\"elementor-heading-title elementor-size-default\">S\u00c9PTIMA. - INCIDENTES DE SEGURIDAD:<\/h2>\t\t<\/div>\n\t\t\t\t<\/div>\n\t\t\t\t<div class=\"elementor-element elementor-element-972eb1a elementor-widget elementor-widget-text-editor\" data-id=\"972eb1a\" data-element_type=\"widget\" data-widget_type=\"text-editor.default\">\n\t\t\t\t<div class=\"elementor-widget-container\">\n\t\t\t\t\t\t\t<p>En caso de que la Empresa verifique que se realiz\u00f3 un uso indebido del sistema de CCTV notificar\u00e1 a las autoridades correspondientes y realizar\u00e1 todas las acciones para minimizar los posibles riesgos de dicho uso indebido, as\u00ed como las correcciones para prevenir que pueda repetirse y sancionar a los responsables.\u00a0<\/p>\t\t\t\t\t\t<\/div>\n\t\t\t\t<\/div>\n\t\t\t\t\t<\/div>\n\t\t<\/div>\n\t\t\t\t\t\t\t<\/div>\n\t\t<\/section>\n\t\t\t\t<section class=\"has_ae_slider elementor-section elementor-top-section elementor-element elementor-element-70c0606 elementor-section-boxed elementor-section-height-default elementor-section-height-default wpr-particle-no wpr-jarallax-no wpr-parallax-no wpr-sticky-section-no ae-bg-gallery-type-default\" data-id=\"70c0606\" data-element_type=\"section\">\n\t\t\t\t\t\t<div class=\"elementor-container elementor-column-gap-default\">\n\t\t\t\t\t<div class=\"has_ae_slider elementor-column elementor-col-100 elementor-top-column elementor-element elementor-element-111a6d6 ae-bg-gallery-type-default\" data-id=\"111a6d6\" data-element_type=\"column\">\n\t\t\t<div class=\"elementor-widget-wrap elementor-element-populated\">\n\t\t\t\t\t\t\t\t<div class=\"elementor-element elementor-element-582e9e7 elementor-widget elementor-widget-heading\" data-id=\"582e9e7\" data-element_type=\"widget\" data-widget_type=\"heading.default\">\n\t\t\t\t<div class=\"elementor-widget-container\">\n\t\t\t<h2 class=\"elementor-heading-title elementor-size-default\">OCTAVA. - DERECHO DE PORTABILIDAD:<\/h2>\t\t<\/div>\n\t\t\t\t<\/div>\n\t\t\t\t<div class=\"elementor-element elementor-element-33bff8f elementor-widget elementor-widget-text-editor\" data-id=\"33bff8f\" data-element_type=\"widget\" data-widget_type=\"text-editor.default\">\n\t\t\t\t<div class=\"elementor-widget-container\">\n\t\t\t\t\t\t\t<p>Para el acceso a las grabaciones por parte de un titular de datos personales que requiera acceder a dicha grabaci\u00f3n podr\u00e1 hacerlo enviando el formulario <span style=\"color: #ff0000;\"><a style=\"color: #ff0000;\" href=\"https:\/\/competencia.com.ec\/file-uploads\/Formulario-derechos-de-portabilidad.pdf\" target=\"_blank\" rel=\"noopener\"><strong>\u201cFormulario de Solicitud de Derecho a la Portabilidad\u201d<\/strong><\/a><\/span> al correo <strong><span style=\"color: #ff0000;\"><a style=\"color: #ff0000;\" href=\"mailto:responsable_LOPDP@competencia.com.ec\">responsable_LOPDP@competencia.com.ec<\/a>,<\/span><\/strong> el responsable har\u00e1 un an\u00e1lisis en caso de que existan im\u00e1genes de otras personas en la grabaci\u00f3n solicitada para <strong>garantizar<\/strong> la protecci\u00f3n de datos personales de otros titulares.<\/p>\t\t\t\t\t\t<\/div>\n\t\t\t\t<\/div>\n\t\t\t\t\t<\/div>\n\t\t<\/div>\n\t\t\t\t\t\t\t<\/div>\n\t\t<\/section>\n\t\t\t\t<section class=\"has_ae_slider elementor-section elementor-top-section elementor-element elementor-element-0524679 elementor-section-boxed elementor-section-height-default elementor-section-height-default wpr-particle-no wpr-jarallax-no wpr-parallax-no wpr-sticky-section-no ae-bg-gallery-type-default\" data-id=\"0524679\" data-element_type=\"section\">\n\t\t\t\t\t\t<div class=\"elementor-container elementor-column-gap-default\">\n\t\t\t\t\t<div class=\"has_ae_slider elementor-column elementor-col-100 elementor-top-column elementor-element elementor-element-e7b3bfb ae-bg-gallery-type-default\" data-id=\"e7b3bfb\" data-element_type=\"column\">\n\t\t\t<div class=\"elementor-widget-wrap elementor-element-populated\">\n\t\t\t\t\t\t\t\t<div class=\"elementor-element elementor-element-20829b8 elementor-widget elementor-widget-heading\" data-id=\"20829b8\" data-element_type=\"widget\" data-widget_type=\"heading.default\">\n\t\t\t\t<div class=\"elementor-widget-container\">\n\t\t\t<h2 class=\"elementor-heading-title elementor-size-default\">NOVENA. - ACTUALIZACI\u00d3N DE LA POL\u00cdTICA:<\/h2>\t\t<\/div>\n\t\t\t\t<\/div>\n\t\t\t\t<div class=\"elementor-element elementor-element-0f46199 elementor-widget elementor-widget-text-editor\" data-id=\"0f46199\" data-element_type=\"widget\" data-widget_type=\"text-editor.default\">\n\t\t\t\t<div class=\"elementor-widget-container\">\n\t\t\t\t\t\t\t<p>Esta pol\u00edtica se revisar\u00e1 cada dos a\u00f1os y en todo caso, siempre que se produzcan cambios normativos que lo requieran.\u00a0<\/p>\n<p><strong>Actualizado a: Septiembre del 2023\u00a0<\/strong><\/p>\t\t\t\t\t\t<\/div>\n\t\t\t\t<\/div>\n\t\t\t\t\t<\/div>\n\t\t<\/div>\n\t\t\t\t\t\t\t<\/div>\n\t\t<\/section>\n\t\t\t\t\t\t<\/div>\n\t\t\t\t\t<\/div>\n\t\t","protected":false},"excerpt":{"rendered":"<p>POL\u00cdTICA DE VIDEOVIGILANCIA LA COMPETENCIA S.A Al llenar el formulario y aceptar estos t\u00e9rminos y condiciones, est\u00e1s aceptando que la informaci\u00f3n que proporcionas ser\u00e1 utilizada \u00fanicamente para gestionar nuestra comunicaci\u00f3n y brindarte un mejor servicio. Nos comprometemos a utilizar tus datos de forma responsable y respetar tu privacidad. Uso de la informaci\u00f3n: 1.1. La informaci\u00f3n [&hellip;]<\/p>\n","protected":false},"author":1,"featured_media":0,"parent":0,"menu_order":0,"comment_status":"closed","ping_status":"closed","template":"","meta":[],"yoast_head":"<!-- This site is optimized with the Yoast SEO plugin v20.4 - https:\/\/yoast.com\/wordpress\/plugins\/seo\/ -->\n<title>POL\u00cdTICA DE VIDEOVIGILANCIA\u00a0 - La Competencia S.A<\/title>\n<meta name=\"robots\" content=\"noindex, follow\" \/>\n<meta property=\"og:locale\" content=\"es_ES\" \/>\n<meta property=\"og:type\" content=\"article\" \/>\n<meta property=\"og:title\" content=\"POL\u00cdTICA DE VIDEOVIGILANCIA\u00a0 - La Competencia S.A\" \/>\n<meta property=\"og:description\" content=\"POL\u00cdTICA DE VIDEOVIGILANCIA LA COMPETENCIA S.A Al llenar el formulario y aceptar estos t\u00e9rminos y condiciones, est\u00e1s aceptando que la informaci\u00f3n que proporcionas ser\u00e1 utilizada \u00fanicamente para gestionar nuestra comunicaci\u00f3n y brindarte un mejor servicio. Nos comprometemos a utilizar tus datos de forma responsable y respetar tu privacidad. Uso de la informaci\u00f3n: 1.1. La informaci\u00f3n [&hellip;]\" \/>\n<meta property=\"og:url\" content=\"https:\/\/www.competencia.com.ec\/corporativo\/politica-de-videovigilancia\/\" \/>\n<meta property=\"og:site_name\" content=\"La Competencia S.A\" \/>\n<meta property=\"article:publisher\" content=\"https:\/\/www.facebook.com\/lacompetenciasa\/\" \/>\n<meta property=\"article:modified_time\" content=\"2024-11-11T19:51:48+00:00\" \/>\n<meta name=\"twitter:card\" content=\"summary_large_image\" \/>\n<meta name=\"twitter:label1\" content=\"Tiempo de lectura\" \/>\n\t<meta name=\"twitter:data1\" content=\"6 minutos\" \/>\n<script type=\"application\/ld+json\" class=\"yoast-schema-graph\">{\"@context\":\"https:\/\/schema.org\",\"@graph\":[{\"@type\":\"WebPage\",\"@id\":\"https:\/\/www.competencia.com.ec\/corporativo\/politica-de-videovigilancia\/\",\"url\":\"https:\/\/www.competencia.com.ec\/corporativo\/politica-de-videovigilancia\/\",\"name\":\"POL\u00cdTICA DE VIDEOVIGILANCIA\u00a0 - La Competencia S.A\",\"isPartOf\":{\"@id\":\"https:\/\/www.competencia.com.ec\/corporativo\/#website\"},\"datePublished\":\"2023-10-10T16:23:33+00:00\",\"dateModified\":\"2024-11-11T19:51:48+00:00\",\"breadcrumb\":{\"@id\":\"https:\/\/www.competencia.com.ec\/corporativo\/politica-de-videovigilancia\/#breadcrumb\"},\"inLanguage\":\"es\",\"potentialAction\":[{\"@type\":\"ReadAction\",\"target\":[\"https:\/\/www.competencia.com.ec\/corporativo\/politica-de-videovigilancia\/\"]}]},{\"@type\":\"BreadcrumbList\",\"@id\":\"https:\/\/www.competencia.com.ec\/corporativo\/politica-de-videovigilancia\/#breadcrumb\",\"itemListElement\":[{\"@type\":\"ListItem\",\"position\":1,\"name\":\"Portada\",\"item\":\"https:\/\/www.competencia.com.ec\/corporativo\/\"},{\"@type\":\"ListItem\",\"position\":2,\"name\":\"POL\u00cdTICA DE VIDEOVIGILANCIA\u00a0\"}]},{\"@type\":\"WebSite\",\"@id\":\"https:\/\/www.competencia.com.ec\/corporativo\/#website\",\"url\":\"https:\/\/www.competencia.com.ec\/corporativo\/\",\"name\":\"La Competencia S.A\",\"description\":\"Otro sitio realizado con WordPress\",\"publisher\":{\"@id\":\"https:\/\/www.competencia.com.ec\/corporativo\/#organization\"},\"alternateName\":\"competencia.com.ec\",\"potentialAction\":[{\"@type\":\"SearchAction\",\"target\":{\"@type\":\"EntryPoint\",\"urlTemplate\":\"https:\/\/www.competencia.com.ec\/corporativo\/?s={search_term_string}\"},\"query-input\":\"required name=search_term_string\"}],\"inLanguage\":\"es\"},{\"@type\":\"Organization\",\"@id\":\"https:\/\/www.competencia.com.ec\/corporativo\/#organization\",\"name\":\"LA COMPETENCIA S.A.\",\"alternateName\":\"competencia.com.ec\",\"url\":\"https:\/\/www.competencia.com.ec\/corporativo\/\",\"logo\":{\"@type\":\"ImageObject\",\"inLanguage\":\"es\",\"@id\":\"https:\/\/www.competencia.com.ec\/corporativo\/#\/schema\/logo\/image\/\",\"url\":\"https:\/\/www.competencia.com.ec\/corporativo\/wp-content\/uploads\/2022\/03\/cropped-Logo-horizontal-230x35-1.png\",\"contentUrl\":\"https:\/\/www.competencia.com.ec\/corporativo\/wp-content\/uploads\/2022\/03\/cropped-Logo-horizontal-230x35-1.png\",\"width\":230,\"height\":35,\"caption\":\"LA COMPETENCIA S.A.\"},\"image\":{\"@id\":\"https:\/\/www.competencia.com.ec\/corporativo\/#\/schema\/logo\/image\/\"},\"sameAs\":[\"https:\/\/www.facebook.com\/lacompetenciasa\/\"]}]}<\/script>\n<!-- \/ Yoast SEO plugin. -->","yoast_head_json":{"title":"POL\u00cdTICA DE VIDEOVIGILANCIA\u00a0 - La Competencia S.A","robots":{"index":"noindex","follow":"follow"},"og_locale":"es_ES","og_type":"article","og_title":"POL\u00cdTICA DE VIDEOVIGILANCIA\u00a0 - La Competencia S.A","og_description":"POL\u00cdTICA DE VIDEOVIGILANCIA LA COMPETENCIA S.A Al llenar el formulario y aceptar estos t\u00e9rminos y condiciones, est\u00e1s aceptando que la informaci\u00f3n que proporcionas ser\u00e1 utilizada \u00fanicamente para gestionar nuestra comunicaci\u00f3n y brindarte un mejor servicio. Nos comprometemos a utilizar tus datos de forma responsable y respetar tu privacidad. Uso de la informaci\u00f3n: 1.1. La informaci\u00f3n [&hellip;]","og_url":"https:\/\/www.competencia.com.ec\/corporativo\/politica-de-videovigilancia\/","og_site_name":"La Competencia S.A","article_publisher":"https:\/\/www.facebook.com\/lacompetenciasa\/","article_modified_time":"2024-11-11T19:51:48+00:00","twitter_card":"summary_large_image","twitter_misc":{"Tiempo de lectura":"6 minutos"},"schema":{"@context":"https:\/\/schema.org","@graph":[{"@type":"WebPage","@id":"https:\/\/www.competencia.com.ec\/corporativo\/politica-de-videovigilancia\/","url":"https:\/\/www.competencia.com.ec\/corporativo\/politica-de-videovigilancia\/","name":"POL\u00cdTICA DE VIDEOVIGILANCIA\u00a0 - La Competencia S.A","isPartOf":{"@id":"https:\/\/www.competencia.com.ec\/corporativo\/#website"},"datePublished":"2023-10-10T16:23:33+00:00","dateModified":"2024-11-11T19:51:48+00:00","breadcrumb":{"@id":"https:\/\/www.competencia.com.ec\/corporativo\/politica-de-videovigilancia\/#breadcrumb"},"inLanguage":"es","potentialAction":[{"@type":"ReadAction","target":["https:\/\/www.competencia.com.ec\/corporativo\/politica-de-videovigilancia\/"]}]},{"@type":"BreadcrumbList","@id":"https:\/\/www.competencia.com.ec\/corporativo\/politica-de-videovigilancia\/#breadcrumb","itemListElement":[{"@type":"ListItem","position":1,"name":"Portada","item":"https:\/\/www.competencia.com.ec\/corporativo\/"},{"@type":"ListItem","position":2,"name":"POL\u00cdTICA DE VIDEOVIGILANCIA\u00a0"}]},{"@type":"WebSite","@id":"https:\/\/www.competencia.com.ec\/corporativo\/#website","url":"https:\/\/www.competencia.com.ec\/corporativo\/","name":"La Competencia S.A","description":"Otro sitio realizado con WordPress","publisher":{"@id":"https:\/\/www.competencia.com.ec\/corporativo\/#organization"},"alternateName":"competencia.com.ec","potentialAction":[{"@type":"SearchAction","target":{"@type":"EntryPoint","urlTemplate":"https:\/\/www.competencia.com.ec\/corporativo\/?s={search_term_string}"},"query-input":"required name=search_term_string"}],"inLanguage":"es"},{"@type":"Organization","@id":"https:\/\/www.competencia.com.ec\/corporativo\/#organization","name":"LA COMPETENCIA S.A.","alternateName":"competencia.com.ec","url":"https:\/\/www.competencia.com.ec\/corporativo\/","logo":{"@type":"ImageObject","inLanguage":"es","@id":"https:\/\/www.competencia.com.ec\/corporativo\/#\/schema\/logo\/image\/","url":"https:\/\/www.competencia.com.ec\/corporativo\/wp-content\/uploads\/2022\/03\/cropped-Logo-horizontal-230x35-1.png","contentUrl":"https:\/\/www.competencia.com.ec\/corporativo\/wp-content\/uploads\/2022\/03\/cropped-Logo-horizontal-230x35-1.png","width":230,"height":35,"caption":"LA COMPETENCIA S.A."},"image":{"@id":"https:\/\/www.competencia.com.ec\/corporativo\/#\/schema\/logo\/image\/"},"sameAs":["https:\/\/www.facebook.com\/lacompetenciasa\/"]}]}},"_links":{"self":[{"href":"https:\/\/www.competencia.com.ec\/corporativo\/wp-json\/wp\/v2\/pages\/16407"}],"collection":[{"href":"https:\/\/www.competencia.com.ec\/corporativo\/wp-json\/wp\/v2\/pages"}],"about":[{"href":"https:\/\/www.competencia.com.ec\/corporativo\/wp-json\/wp\/v2\/types\/page"}],"author":[{"embeddable":true,"href":"https:\/\/www.competencia.com.ec\/corporativo\/wp-json\/wp\/v2\/users\/1"}],"replies":[{"embeddable":true,"href":"https:\/\/www.competencia.com.ec\/corporativo\/wp-json\/wp\/v2\/comments?post=16407"}],"version-history":[{"count":23,"href":"https:\/\/www.competencia.com.ec\/corporativo\/wp-json\/wp\/v2\/pages\/16407\/revisions"}],"predecessor-version":[{"id":21570,"href":"https:\/\/www.competencia.com.ec\/corporativo\/wp-json\/wp\/v2\/pages\/16407\/revisions\/21570"}],"wp:attachment":[{"href":"https:\/\/www.competencia.com.ec\/corporativo\/wp-json\/wp\/v2\/media?parent=16407"}],"curies":[{"name":"wp","href":"https:\/\/api.w.org\/{rel}","templated":true}]}}